{"id":2173,"date":"2026-04-13T09:35:06","date_gmt":"2026-04-13T09:35:06","guid":{"rendered":"https:\/\/www.emeraude-vacances.com\/?page_id=2173"},"modified":"2026-04-16T07:23:09","modified_gmt":"2026-04-16T07:23:09","slug":"mobilheim-ophea-grande","status":"publish","type":"page","link":"https:\/\/www.emeraude-vacances.com\/de\/campingplatz-phare-ouest\/mobilheim-ophea-grande\/","title":{"rendered":"Ophea Grande Mobilheim"},"content":{"rendered":"<div data-elementor-type=\"wp-page\" data-elementor-id=\"2173\" class=\"elementor elementor-2173\" data-elementor-post-type=\"page\">\n\t\t\t\t<div class=\"elementor-element elementor-element-693ff8c e-flex e-con-boxed e-con e-parent\" data-id=\"693ff8c\" data-element_type=\"container\" data-settings=\"{&quot;background_background&quot;:&quot;classic&quot;,&quot;shape_divider_bottom&quot;:&quot;wave-brush&quot;}\">\n\t\t\t\t\t<div class=\"e-con-inner\">\n\t\t\t\t<div class=\"elementor-shape elementor-shape-bottom\" aria-hidden=\"true\" data-negative=\"false\">\n\t\t\t<svg xmlns=\"http:\/\/www.w3.org\/2000\/svg\" viewbox=\"0 0 283.5 27.8\" preserveaspectratio=\"none\">\n\t<path class=\"elementor-shape-fill\" d=\"M283.5,9.7c0,0-7.3,4.3-14,4.6c-6.8,0.3-12.6,0-20.9-1.5c-11.3-2-33.1-10.1-44.7-5.7\ts-12.1,4.6-18,7.4c-6.6,3.2-20,9.6-36.6,9.3C131.6,23.5,99.5,7.2,86.3,8c-1.4,0.1-6.6,0.8-10.5,2c-3.8,1.2-9.4,3.8-17,4.7\tc-3.2,0.4-8.3,1.1-14.2,0.9c-1.5-0.1-6.3-0.4-12-1.6c-5.7-1.2-11-3.1-15.8-3.7C6.5,9.2,0,10.8,0,10.8V0h283.5V9.7z M260.8,11.3\tc-0.7-1-2-0.4-4.3-0.4c-2.3,0-6.1-1.2-5.8-1.1c0.3,0.1,3.1,1.5,6,1.9C259.7,12.2,261.4,12.3,260.8,11.3z M242.4,8.6\tc0,0-2.4-0.2-5.6-0.9c-3.2-0.8-10.3-2.8-15.1-3.5c-8.2-1.1-15.8,0-15.1,0.1c0.8,0.1,9.6-0.6,17.6,1.1c3.3,0.7,9.3,2.2,12.4,2.7\tC239.9,8.7,242.4,8.6,242.4,8.6z M185.2,8.5c1.7-0.7-13.3,4.7-18.5,6.1c-2.1,0.6-6.2,1.6-10,2c-3.9,0.4-8.9,0.4-8.8,0.5\tc0,0.2,5.8,0.8,11.2,0c5.4-0.8,5.2-1.1,7.6-1.6C170.5,14.7,183.5,9.2,185.2,8.5z M199.1,6.9c0.2,0-0.8-0.4-4.8,1.1\tc-4,1.5-6.7,3.5-6.9,3.7c-0.2,0.1,3.5-1.8,6.6-3C197,7.5,199,6.9,199.1,6.9z M283,6c-0.1,0.1-1.9,1.1-4.8,2.5s-6.9,2.8-6.7,2.7\tc0.2,0,3.5-0.6,7.4-2.5C282.8,6.8,283.1,5.9,283,6z M31.3,11.6c0.1-0.2-1.9-0.2-4.5-1.2s-5.4-1.6-7.8-2C15,7.6,7.3,8.5,7.7,8.6\tC8,8.7,15.9,8.3,20.2,9.3c2.2,0.5,2.4,0.5,5.7,1.6S31.2,11.9,31.3,11.6z M73,9.2c0.4-0.1,3.5-1.6,8.4-2.6c4.9-1.1,8.9-0.5,8.9-0.8\tc0-0.3-1-0.9-6.2-0.3S72.6,9.3,73,9.2z M71.6,6.7C71.8,6.8,75,5.4,77.3,5c2.3-0.3,1.9-0.5,1.9-0.6c0-0.1-1.1-0.2-2.7,0.2\tC74.8,5.1,71.4,6.6,71.6,6.7z M93.6,4.4c0.1,0.2,3.5,0.8,5.6,1.8c2.1,1,1.8,0.6,1.9,0.5c0.1-0.1-0.8-0.8-2.4-1.3\tC97.1,4.8,93.5,4.2,93.6,4.4z M65.4,11.1c-0.1,0.3,0.3,0.5,1.9-0.2s2.6-1.3,2.2-1.2s-0.9,0.4-2.5,0.8C65.3,10.9,65.5,10.8,65.4,11.1\tz M34.5,12.4c-0.2,0,2.1,0.8,3.3,0.9c1.2,0.1,2,0.1,2-0.2c0-0.3-0.1-0.5-1.6-0.4C36.6,12.8,34.7,12.4,34.5,12.4z M152.2,21.1\tc-0.1,0.1-2.4-0.3-7.5-0.3c-5,0-13.6-2.4-17.2-3.5c-3.6-1.1,10,3.9,16.5,4.1C150.5,21.6,152.3,21,152.2,21.1z\"\/>\n\t<path class=\"elementor-shape-fill\" d=\"M269.6,18c-0.1-0.1-4.6,0.3-7.2,0c-7.3-0.7-17-3.2-16.6-2.9c0.4,0.3,13.7,3.1,17,3.3\tC267.7,18.8,269.7,18,269.6,18z\"\/>\n\t<path class=\"elementor-shape-fill\" d=\"M227.4,9.8c-0.2-0.1-4.5-1-9.5-1.2c-5-0.2-12.7,0.6-12.3,0.5c0.3-0.1,5.9-1.8,13.3-1.2\tS227.6,9.9,227.4,9.8z\"\/>\n\t<path class=\"elementor-shape-fill\" d=\"M204.5,13.4c-0.1-0.1,2-1,3.2-1.1c1.2-0.1,2,0,2,0.3c0,0.3-0.1,0.5-1.6,0.4\tC206.4,12.9,204.6,13.5,204.5,13.4z\"\/>\n\t<path class=\"elementor-shape-fill\" d=\"M201,10.6c0-0.1-4.4,1.2-6.3,2.2c-1.9,0.9-6.2,3.1-6.1,3.1c0.1,0.1,4.2-1.6,6.3-2.6\tS201,10.7,201,10.6z\"\/>\n\t<path class=\"elementor-shape-fill\" d=\"M154.5,26.7c-0.1-0.1-4.6,0.3-7.2,0c-7.3-0.7-17-3.2-16.6-2.9c0.4,0.3,13.7,3.1,17,3.3\tC152.6,27.5,154.6,26.8,154.5,26.7z\"\/>\n\t<path class=\"elementor-shape-fill\" d=\"M41.9,19.3c0,0,1.2-0.3,2.9-0.1c1.7,0.2,5.8,0.9,8.2,0.7c4.2-0.4,7.4-2.7,7-2.6\tc-0.4,0-4.3,2.2-8.6,1.9c-1.8-0.1-5.1-0.5-6.7-0.4S41.9,19.3,41.9,19.3z\"\/>\n\t<path class=\"elementor-shape-fill\" d=\"M75.5,12.6c0.2,0.1,2-0.8,4.3-1.1c2.3-0.2,2.1-0.3,2.1-0.5c0-0.1-1.8-0.4-3.4,0\tC76.9,11.5,75.3,12.5,75.5,12.6z\"\/>\n\t<path class=\"elementor-shape-fill\" d=\"M15.6,13.2c0-0.1,4.3,0,6.7,0.5c2.4,0.5,5,1.9,5,2c0,0.1-2.7-0.8-5.1-1.4\tC19.9,13.7,15.7,13.3,15.6,13.2z\"\/>\n<\/svg>\t\t<\/div>\n\t\t\t\t<div class=\"elementor-element elementor-element-38bcb98 elementor-hidden-tablet elementor-hidden-mobile elementor-widget elementor-widget-spacer\" data-id=\"38bcb98\" data-element_type=\"widget\" data-widget_type=\"spacer.default\">\n\t\t\t\t<div class=\"elementor-widget-container\">\n\t\t\t\t\t\t\t<div class=\"elementor-spacer\">\n\t\t\t<div class=\"elementor-spacer-inner\"><\/div>\n\t\t<\/div>\n\t\t\t\t\t\t<\/div>\n\t\t\t\t<\/div>\n\t\t\t\t<div class=\"elementor-element elementor-element-ebdec56 elementor-widget elementor-widget-heading\" data-id=\"ebdec56\" data-element_type=\"widget\" data-widget_type=\"heading.default\">\n\t\t\t\t<div class=\"elementor-widget-container\">\n\t\t\t\t\t<h1 class=\"elementor-heading-title elementor-size-default\">Ophea Grande Mobilheim mit 2 Schlafzimmern<\/h1>\t\t\t\t<\/div>\n\t\t\t\t<\/div>\n\t\t\t\t<div class=\"elementor-element elementor-element-cb935e5 elementor-arrows-position-inside elementor-pagination-position-outside elementor-widget elementor-widget-image-carousel\" data-id=\"cb935e5\" data-element_type=\"widget\" data-settings=\"{&quot;slides_to_show&quot;:&quot;3&quot;,&quot;slides_to_show_tablet&quot;:&quot;1&quot;,&quot;slides_to_show_mobile&quot;:&quot;1&quot;,&quot;image_spacing_custom&quot;:{&quot;unit&quot;:&quot;px&quot;,&quot;size&quot;:40,&quot;sizes&quot;:[]},&quot;navigation&quot;:&quot;both&quot;,&quot;autoplay&quot;:&quot;yes&quot;,&quot;pause_on_hover&quot;:&quot;yes&quot;,&quot;pause_on_interaction&quot;:&quot;yes&quot;,&quot;autoplay_speed&quot;:5000,&quot;infinite&quot;:&quot;yes&quot;,&quot;speed&quot;:500}\" data-widget_type=\"image-carousel.default\">\n\t\t\t\t<div class=\"elementor-widget-container\">\n\t\t\t\t\t\t\t<div class=\"elementor-image-carousel-wrapper swiper\" role=\"region\" aria-roledescription=\"carousel\" aria-label=\"Carrousel d\u2019images\" dir=\"ltr\">\n\t\t\t<div class=\"elementor-image-carousel swiper-wrapper\" aria-live=\"off\">\n\t\t\t\t\t\t\t\t<div class=\"swiper-slide\" role=\"group\" aria-roledescription=\"slide\" aria-label=\"1 von 4\"><a data-elementor-open-lightbox=\"yes\" data-elementor-lightbox-slideshow=\"cb935e5\" data-e-action-hash=\"#elementor-action%3Aaction%3Dlightbox%26settings%3DeyJpZCI6MjI1NSwidXJsIjoiaHR0cHM6XC9cL3d3dy5lbWVyYXVkZS12YWNhbmNlcy5jb21cL3dwLWNvbnRlbnRcL3VwbG9hZHNcL0NhcHR1cmUtZGVjcmFuXzIwMjYtMDQtMTRfMTQtNTUtNTMuanBnLndlYnAiLCJzbGlkZXNob3ciOiJjYjkzNWU1In0%3D\" href=\"https:\/\/www.emeraude-vacances.com\/wp-content\/uploads\/Capture-decran_2026-04-14_14-55-53.jpg.webp\"><figure class=\"swiper-slide-inner\"><img decoding=\"async\" class=\"swiper-slide-image\" src=\"https:\/\/www.emeraude-vacances.com\/wp-content\/uploads\/elementor\/thumbs\/Capture-decran_2026-04-14_14-55-53.jpg-rlzvdx20gicx905tf5qb2ld1q4b4u661fdxj2a0xtk.webp\" alt=\"mobil-home 4 personnes Saint-Denis d\u2019Ol\u00e9ron\" \/><\/figure><\/a><\/div><div class=\"swiper-slide\" role=\"group\" aria-roledescription=\"slide\" aria-label=\"2 von 4\"><a data-elementor-open-lightbox=\"yes\" data-elementor-lightbox-slideshow=\"cb935e5\" data-e-action-hash=\"#elementor-action%3Aaction%3Dlightbox%26settings%3DeyJpZCI6MjI1NiwidXJsIjoiaHR0cHM6XC9cL3d3dy5lbWVyYXVkZS12YWNhbmNlcy5jb21cL3dwLWNvbnRlbnRcL3VwbG9hZHNcL0NhcHR1cmUtZGVjcmFuXzIwMjYtMDQtMTRfMTQtNTUtMjAuanBnLndlYnAiLCJzbGlkZXNob3ciOiJjYjkzNWU1In0%3D\" href=\"https:\/\/www.emeraude-vacances.com\/wp-content\/uploads\/Capture-decran_2026-04-14_14-55-20.jpg.webp\"><figure class=\"swiper-slide-inner\"><img decoding=\"async\" class=\"swiper-slide-image\" src=\"https:\/\/www.emeraude-vacances.com\/wp-content\/uploads\/elementor\/thumbs\/Capture-decran_2026-04-14_14-55-20.jpg-rlzvdxzunce7km4g9o4xn34ibi6i1v9rril0jjzjnc.webp\" alt=\"mobil-home 2 chambres sur l\u2019\u00eele d\u2019Ol\u00e9ron\" \/><\/figure><\/a><\/div><div class=\"swiper-slide\" role=\"group\" aria-roledescription=\"slide\" aria-label=\"3 von 4\"><a data-elementor-open-lightbox=\"yes\" data-elementor-lightbox-slideshow=\"cb935e5\" data-e-action-hash=\"#elementor-action%3Aaction%3Dlightbox%26settings%3DeyJpZCI6MjI1NywidXJsIjoiaHR0cHM6XC9cL3d3dy5lbWVyYXVkZS12YWNhbmNlcy5jb21cL3dwLWNvbnRlbnRcL3VwbG9hZHNcL0NhcHR1cmUtZGVjcmFuXzIwMjYtMDQtMTRfMTQtNTQtMjIuanBnLndlYnAiLCJzbGlkZXNob3ciOiJjYjkzNWU1In0%3D\" href=\"https:\/\/www.emeraude-vacances.com\/wp-content\/uploads\/Capture-decran_2026-04-14_14-54-22.jpg.webp\"><figure class=\"swiper-slide-inner\"><img decoding=\"async\" class=\"swiper-slide-image\" src=\"https:\/\/www.emeraude-vacances.com\/wp-content\/uploads\/elementor\/thumbs\/Capture-decran_2026-04-14_14-54-22.jpg-rlzvdzvj10gs7u1pyoy6s2nfi9x8h9h8frvzi3wraw.webp\" alt=\"mobil-home 4 personnes Saint-Denis d\u2019Ol\u00e9ron\" \/><\/figure><\/a><\/div><div class=\"swiper-slide\" role=\"group\" aria-roledescription=\"slide\" aria-label=\"4 von 4\"><a data-elementor-open-lightbox=\"yes\" data-elementor-lightbox-slideshow=\"cb935e5\" data-e-action-hash=\"#elementor-action%3Aaction%3Dlightbox%26settings%3DeyJpZCI6MjE3NiwidXJsIjoiaHR0cHM6XC9cL3d3dy5lbWVyYXVkZS12YWNhbmNlcy5jb21cL3dwLWNvbnRlbnRcL3VwbG9hZHNcL21vZGVsZS04LW1vYmlsLWhvbWUtNHAtdGVycmFzc2UtY291dmVydGUtODM0VC0yY2gtY2FtcGluZy1vbGVyb24uanBnLndlYnAiLCJzbGlkZXNob3ciOiJjYjkzNWU1In0%3D\" href=\"https:\/\/www.emeraude-vacances.com\/wp-content\/uploads\/modele-8-mobil-home-4p-terrasse-couverte-834T-2ch-camping-oleron.jpg.webp\"><figure class=\"swiper-slide-inner\"><img decoding=\"async\" class=\"swiper-slide-image\" src=\"https:\/\/www.emeraude-vacances.com\/wp-content\/uploads\/elementor\/thumbs\/modele-8-mobil-home-4p-terrasse-couverte-834T-2ch-camping-oleron.jpg-rlxwatkhmj5c81e4qz48mdev0prsg2qax17ia4fa60.webp\" alt=\"mobil-home 2 chambres sur l\u2019\u00eele d\u2019Ol\u00e9ron\" \/><\/figure><\/a><\/div>\t\t\t<\/div>\n\t\t\t\t\t\t\t\t\t\t\t\t<div class=\"elementor-swiper-button elementor-swiper-button-prev\" role=\"button\" tabindex=\"0\">\n\t\t\t\t\t\t<i aria-hidden=\"true\" class=\"eicon-chevron-left\"><\/i>\t\t\t\t\t<\/div>\n\t\t\t\t\t<div class=\"elementor-swiper-button elementor-swiper-button-next\" role=\"button\" tabindex=\"0\">\n\t\t\t\t\t\t<i aria-hidden=\"true\" class=\"eicon-chevron-right\"><\/i>\t\t\t\t\t<\/div>\n\t\t\t\t\n\t\t\t\t\t\t\t\t\t<div class=\"swiper-pagination\"><\/div>\n\t\t\t\t\t\t\t\t\t<\/div>\n\t\t\t\t\t\t<\/div>\n\t\t\t\t<\/div>\n\t\t<div class=\"elementor-element elementor-element-295ed3f e-con-full e-flex e-con e-child\" data-id=\"295ed3f\" data-element_type=\"container\">\n\t\t\t\t<div class=\"elementor-element elementor-element-5f65f9c elementor-widget elementor-widget-text-editor\" data-id=\"5f65f9c\" data-element_type=\"widget\" data-widget_type=\"text-editor.default\">\n\t\t\t\t<div class=\"elementor-widget-container\">\n\t\t\t\t\t\t\t\t\t<p><b><em> Die dargestellten Fotos und Grundrisse sind unverbindlich.<\/em><\/b><\/p>\t\t\t\t\t\t\t\t<\/div>\n\t\t\t\t<\/div>\n\t\t\t\t<div class=\"elementor-element elementor-element-3b68b27 elementor-view-default elementor-widget elementor-widget-icon\" data-id=\"3b68b27\" data-element_type=\"widget\" data-widget_type=\"icon.default\">\n\t\t\t\t<div class=\"elementor-widget-container\">\n\t\t\t\t\t\t\t<div class=\"elementor-icon-wrapper\">\n\t\t\t<div class=\"elementor-icon\">\n\t\t\t<i aria-hidden=\"true\" class=\"fas fa-exclamation-triangle\"><\/i>\t\t\t<\/div>\n\t\t<\/div>\n\t\t\t\t\t\t<\/div>\n\t\t\t\t<\/div>\n\t\t\t\t<\/div>\n\t\t\t\t<div class=\"elementor-element elementor-element-7d19b0a elementor-widget elementor-widget-spacer\" data-id=\"7d19b0a\" data-element_type=\"widget\" data-widget_type=\"spacer.default\">\n\t\t\t\t<div class=\"elementor-widget-container\">\n\t\t\t\t\t\t\t<div class=\"elementor-spacer\">\n\t\t\t<div class=\"elementor-spacer-inner\"><\/div>\n\t\t<\/div>\n\t\t\t\t\t\t<\/div>\n\t\t\t\t<\/div>\n\t\t\t\t<div class=\"elementor-element elementor-element-0774412 elementor-align-center elementor-widget elementor-widget-button\" data-id=\"0774412\" data-element_type=\"widget\" data-widget_type=\"button.default\">\n\t\t\t\t<div class=\"elementor-widget-container\">\n\t\t\t\t\t\t\t\t\t<div class=\"elementor-button-wrapper\">\n\t\t\t\t\t<a class=\"elementor-button elementor-button-link elementor-size-sm elementor-animation-grow\" href=\"https:\/\/reservation.secureholiday.net\/de\/14952\/search\/product-view\/73416\">\n\t\t\t\t\t\t<span class=\"elementor-button-content-wrapper\">\n\t\t\t\t\t\t\t\t\t<span class=\"elementor-button-text\">Buchen Sie Ihren Aufenthalt<\/span>\n\t\t\t\t\t<\/span>\n\t\t\t\t\t<\/a>\n\t\t\t\t<\/div>\n\t\t\t\t\t\t\t\t<\/div>\n\t\t\t\t<\/div>\n\t\t\t\t<div class=\"elementor-element elementor-element-e409f35 elementor-widget elementor-widget-spacer\" data-id=\"e409f35\" data-element_type=\"widget\" data-widget_type=\"spacer.default\">\n\t\t\t\t<div class=\"elementor-widget-container\">\n\t\t\t\t\t\t\t<div class=\"elementor-spacer\">\n\t\t\t<div class=\"elementor-spacer-inner\"><\/div>\n\t\t<\/div>\n\t\t\t\t\t\t<\/div>\n\t\t\t\t<\/div>\n\t\t\t\t\t<\/div>\n\t\t\t\t<\/div>\n\t\t<div class=\"elementor-element elementor-element-5f309be e-flex e-con-boxed e-con e-parent\" data-id=\"5f309be\" data-element_type=\"container\">\n\t\t\t\t\t<div class=\"e-con-inner\">\n\t\t\t\t<div class=\"elementor-element elementor-element-1d1fd53 elementor-align-center elementor-fixed elementor-mobile-align-center elementor-invisible elementor-widget elementor-widget-button\" data-id=\"1d1fd53\" data-element_type=\"widget\" data-settings=\"{&quot;_position&quot;:&quot;fixed&quot;,&quot;_animation&quot;:&quot;shake&quot;}\" data-widget_type=\"button.default\">\n\t\t\t\t<div class=\"elementor-widget-container\">\n\t\t\t\t\t\t\t\t\t<div class=\"elementor-button-wrapper\">\n\t\t\t\t\t<a class=\"elementor-button elementor-button-link elementor-size-sm elementor-animation-grow\" href=\"https:\/\/reservation.secureholiday.net\/de\/14952\/search\/product-view\/73416\" target=\"_blank\">\n\t\t\t\t\t\t<span class=\"elementor-button-content-wrapper\">\n\t\t\t\t\t\t<span class=\"elementor-button-icon\">\n\t\t\t\t<i aria-hidden=\"true\" class=\"fas fa-concierge-bell\"><\/i>\t\t\t<\/span>\n\t\t\t\t\t\t\t\t\t<span class=\"elementor-button-text\">Buchen<\/span>\n\t\t\t\t\t<\/span>\n\t\t\t\t\t<\/a>\n\t\t\t\t<\/div>\n\t\t\t\t\t\t\t\t<\/div>\n\t\t\t\t<\/div>\n\t\t\t\t\t<\/div>\n\t\t\t\t<\/div>\n\t\t<div class=\"elementor-element elementor-element-e4da25f e-flex e-con-boxed e-con e-parent\" data-id=\"e4da25f\" data-element_type=\"container\">\n\t\t\t\t\t<div class=\"e-con-inner\">\n\t\t\t\t<div class=\"elementor-element elementor-element-8ad9fb0 elementor-widget elementor-widget-spacer\" data-id=\"8ad9fb0\" data-element_type=\"widget\" data-widget_type=\"spacer.default\">\n\t\t\t\t<div class=\"elementor-widget-container\">\n\t\t\t\t\t\t\t<div class=\"elementor-spacer\">\n\t\t\t<div class=\"elementor-spacer-inner\"><\/div>\n\t\t<\/div>\n\t\t\t\t\t\t<\/div>\n\t\t\t\t<\/div>\n\t\t\t\t<div class=\"elementor-element elementor-element-a5c5f30 elementor-widget elementor-widget-heading\" data-id=\"a5c5f30\" data-element_type=\"widget\" data-widget_type=\"heading.default\">\n\t\t\t\t<div class=\"elementor-widget-container\">\n\t\t\t\t\t<h2 class=\"elementor-heading-title elementor-size-default\">Mobilheim Ophea Grande mit 2 Schlafzimmern<\/h2>\t\t\t\t<\/div>\n\t\t\t\t<\/div>\n\t\t\t\t<div class=\"elementor-element elementor-element-956ff9a elementor-widget elementor-widget-spacer\" data-id=\"956ff9a\" data-element_type=\"widget\" data-widget_type=\"spacer.default\">\n\t\t\t\t<div class=\"elementor-widget-container\">\n\t\t\t\t\t\t\t<div class=\"elementor-spacer\">\n\t\t\t<div class=\"elementor-spacer-inner\"><\/div>\n\t\t<\/div>\n\t\t\t\t\t\t<\/div>\n\t\t\t\t<\/div>\n\t\t\t\t<div class=\"elementor-element elementor-element-75502f8 elementor-widget elementor-widget-text-editor\" data-id=\"75502f8\" data-element_type=\"widget\" data-widget_type=\"text-editor.default\">\n\t\t\t\t<div class=\"elementor-widget-container\">\n\t\t\t\t\t\t\t\t\t<p class=\"translation-block\">Das <strong>35 m\u00b2 gro\u00dfe Mobilheim Ophea Grande<\/strong> ist eine komfortable und gut geschnittene <strong>Unterkunft<\/strong> f\u00fcr bis zu <strong>4 Urlaubsg\u00e4ste<\/strong>. Mit seinen <strong>2 Schlafzimmern<\/strong>, dem funktionalen Wohnbereich und der \u00fcberdachten Holzterrasse eignet es sich ideal f\u00fcr ein <strong>Paar<\/strong>, eine kleine <strong>Familie<\/strong> oder <strong>Freunde<\/strong>, die ein <strong>Mobilheim f\u00fcr 4 Personen in Saint-Denis d\u2019Ol\u00e9ron<\/strong> f\u00fcr einen unkomplizierten und angenehmen <strong>Urlaub<\/strong> suchen.<\/p>\t\t\t\t\t\t\t\t<\/div>\n\t\t\t\t<\/div>\n\t\t<div class=\"elementor-element elementor-element-07f6eea e-con-full e-flex e-con e-child\" data-id=\"07f6eea\" data-element_type=\"container\">\n\t\t\t\t<div class=\"elementor-element elementor-element-baf497e elementor-align-center elementor-widget elementor-widget-button\" data-id=\"baf497e\" data-element_type=\"widget\" data-widget_type=\"button.default\">\n\t\t\t\t<div class=\"elementor-widget-container\">\n\t\t\t\t\t\t\t\t\t<div class=\"elementor-button-wrapper\">\n\t\t\t\t\t<a class=\"elementor-button elementor-button-link elementor-size-sm elementor-animation-grow\" href=\"https:\/\/reservation.secureholiday.net\/de\/14952\/search\/product-view\/73416\">\n\t\t\t\t\t\t<span class=\"elementor-button-content-wrapper\">\n\t\t\t\t\t\t\t\t\t<span class=\"elementor-button-text\">Mobilheim buchen<\/span>\n\t\t\t\t\t<\/span>\n\t\t\t\t\t<\/a>\n\t\t\t\t<\/div>\n\t\t\t\t\t\t\t\t<\/div>\n\t\t\t\t<\/div>\n\t\t\t\t<\/div>\n\t\t\t\t<div class=\"elementor-element elementor-element-da26d0c elementor-widget elementor-widget-spacer\" data-id=\"da26d0c\" data-element_type=\"widget\" data-widget_type=\"spacer.default\">\n\t\t\t\t<div class=\"elementor-widget-container\">\n\t\t\t\t\t\t\t<div class=\"elementor-spacer\">\n\t\t\t<div class=\"elementor-spacer-inner\"><\/div>\n\t\t<\/div>\n\t\t\t\t\t\t<\/div>\n\t\t\t\t<\/div>\n\t\t\t\t\t<\/div>\n\t\t\t\t<\/div>\n\t\t<div class=\"elementor-element elementor-element-6ddce3c e-flex e-con-boxed e-con e-parent\" data-id=\"6ddce3c\" data-element_type=\"container\" data-settings=\"{&quot;background_background&quot;:&quot;classic&quot;}\">\n\t\t\t\t\t<div class=\"e-con-inner\">\n\t\t\t\t<div class=\"elementor-element elementor-element-bd5ef93 elementor-widget elementor-widget-spacer\" data-id=\"bd5ef93\" data-element_type=\"widget\" data-widget_type=\"spacer.default\">\n\t\t\t\t<div class=\"elementor-widget-container\">\n\t\t\t\t\t\t\t<div class=\"elementor-spacer\">\n\t\t\t<div class=\"elementor-spacer-inner\"><\/div>\n\t\t<\/div>\n\t\t\t\t\t\t<\/div>\n\t\t\t\t<\/div>\n\t\t\t\t<div class=\"elementor-element elementor-element-67045a6 elementor-widget elementor-widget-heading\" data-id=\"67045a6\" data-element_type=\"widget\" data-widget_type=\"heading.default\">\n\t\t\t\t<div class=\"elementor-widget-container\">\n\t\t\t\t\t<h2 class=\"elementor-heading-title elementor-size-default\">Ferienunterkunft in Saint-Denis-d\u2019Ol\u00e9ron<\/h2>\t\t\t\t<\/div>\n\t\t\t\t<\/div>\n\t\t\t\t<div class=\"elementor-element elementor-element-4072488 elementor-widget elementor-widget-spacer\" data-id=\"4072488\" data-element_type=\"widget\" data-widget_type=\"spacer.default\">\n\t\t\t\t<div class=\"elementor-widget-container\">\n\t\t\t\t\t\t\t<div class=\"elementor-spacer\">\n\t\t\t<div class=\"elementor-spacer-inner\"><\/div>\n\t\t<\/div>\n\t\t\t\t\t\t<\/div>\n\t\t\t\t<\/div>\n\t\t<div class=\"elementor-element elementor-element-2175183 e-flex e-con-boxed e-con e-child\" data-id=\"2175183\" data-element_type=\"container\">\n\t\t\t\t\t<div class=\"e-con-inner\">\n\t\t<div class=\"elementor-element elementor-element-16a35a4 e-con-full e-flex e-con e-child\" data-id=\"16a35a4\" data-element_type=\"container\">\n\t\t\t\t<div class=\"elementor-element elementor-element-19a1ccd elementor-widget__width-initial elementor-widget elementor-widget-image\" data-id=\"19a1ccd\" data-element_type=\"widget\" data-widget_type=\"image.default\">\n\t\t\t\t<div class=\"elementor-widget-container\">\n\t\t\t\t\t\t\t\t\t\t\t\t\t\t\t<img fetchpriority=\"high\" decoding=\"async\" width=\"930\" height=\"430\" src=\"https:\/\/www.emeraude-vacances.com\/wp-content\/uploads\/plan-modele-8-mobil-home-4p-terrasse-couverte-2ch-camping-oleron.jpg.webp\" class=\"attachment-full size-full wp-image-2175\" alt=\"mobil-home 4 personnes Saint-Denis d\u2019Ol\u00e9ron\" srcset=\"https:\/\/www.emeraude-vacances.com\/wp-content\/uploads\/plan-modele-8-mobil-home-4p-terrasse-couverte-2ch-camping-oleron.jpg.webp 930w, https:\/\/www.emeraude-vacances.com\/wp-content\/uploads\/plan-modele-8-mobil-home-4p-terrasse-couverte-2ch-camping-oleron.jpg-300x139.webp 300w, https:\/\/www.emeraude-vacances.com\/wp-content\/uploads\/plan-modele-8-mobil-home-4p-terrasse-couverte-2ch-camping-oleron.jpg-768x355.webp 768w, https:\/\/www.emeraude-vacances.com\/wp-content\/uploads\/plan-modele-8-mobil-home-4p-terrasse-couverte-2ch-camping-oleron.jpg-18x8.webp 18w\" sizes=\"(max-width: 930px) 100vw, 930px\" \/>\t\t\t\t\t\t\t\t\t\t\t\t\t\t\t<\/div>\n\t\t\t\t<\/div>\n\t\t\t\t<\/div>\n\t\t<div class=\"elementor-element elementor-element-2f92abb e-con-full e-flex e-con e-child\" data-id=\"2f92abb\" data-element_type=\"container\">\n\t\t<div class=\"elementor-element elementor-element-67f704a e-con-full e-flex e-con e-child\" data-id=\"67f704a\" data-element_type=\"container\">\n\t\t\t\t<div class=\"elementor-element elementor-element-1870f95 elementor-widget elementor-widget-text-editor\" data-id=\"1870f95\" data-element_type=\"widget\" data-widget_type=\"text-editor.default\">\n\t\t\t\t<div class=\"elementor-widget-container\">\n\t\t\t\t\t\t\t\t\t<p>Ausstattung:<\/p>\t\t\t\t\t\t\t\t<\/div>\n\t\t\t\t<\/div>\n\t\t\t\t<\/div>\n\t\t<div class=\"elementor-element elementor-element-2cacca6 e-con-full e-flex e-con e-child\" data-id=\"2cacca6\" data-element_type=\"container\">\n\t\t\t\t<div class=\"elementor-element elementor-element-cab89b4 elementor-widget elementor-widget-text-editor\" data-id=\"cab89b4\" data-element_type=\"widget\" data-widget_type=\"text-editor.default\">\n\t\t\t\t<div class=\"elementor-widget-container\">\n\t\t\t\t\t\t\t\t\t<p class=\"translation-block\"><strong>Wohnbereich<\/strong><br>\n<strong>Kein Fernseher<\/strong><br>\n<strong>Voll ausgestattete K\u00fcche<\/strong> mit 4-flammigem Gasherd<br>\n<strong>K\u00fchlschrank mit Gefrierfach<\/strong><br>\n<strong>Mikrowelle<\/strong><br>\n<strong>Filterkaffeemaschine und Kaffeemaschine<\/strong><br>\n<strong>Geschirr und K\u00fcchenutensilien vorhanden<\/strong><br>\n<strong>2 Schlafzimmer<\/strong><br>\n<strong>1 Doppelbett<\/strong> (140 x 190 cm) mit Kleiderschrank<br>\n<strong>2 Einzelbetten<\/strong> (80 x 190 cm) mit Kleiderschrank<br>\n<strong>Bettw\u00e4sche vorhanden<\/strong>, Decken gegen Aufpreis erh\u00e4ltlich<br>\n<strong>Laken werden nicht gestellt<\/strong><br>\n<strong>Badezimmer<\/strong> mit Dusche, Waschbecken und Haartrockner<br>\n<strong>Separates WC<\/strong><br>\n<strong>Reinigungsutensilien vorhanden<\/strong><br>\n<strong>Private, \u00fcberdachte Holzterrasse<\/strong><br>\n<strong>Gartenm\u00f6bel<\/strong><br>\n<strong>Kostenlose Parkpl\u00e4tze direkt vor der Unterkunft<\/strong><br><\/p>\t\t\t\t\t\t\t\t<\/div>\n\t\t\t\t<\/div>\n\t\t\t\t<\/div>\n\t\t\t\t<\/div>\n\t\t\t\t\t<\/div>\n\t\t\t\t<\/div>\n\t\t\t\t<div class=\"elementor-element elementor-element-1b60fca elementor-widget elementor-widget-spacer\" data-id=\"1b60fca\" data-element_type=\"widget\" data-widget_type=\"spacer.default\">\n\t\t\t\t<div class=\"elementor-widget-container\">\n\t\t\t\t\t\t\t<div class=\"elementor-spacer\">\n\t\t\t<div class=\"elementor-spacer-inner\"><\/div>\n\t\t<\/div>\n\t\t\t\t\t\t<\/div>\n\t\t\t\t<\/div>\n\t\t\t\t\t<\/div>\n\t\t\t\t<\/div>\n\t\t<div class=\"elementor-element elementor-element-b5d1c02 e-flex e-con-boxed e-con e-parent\" data-id=\"b5d1c02\" data-element_type=\"container\">\n\t\t\t\t\t<div class=\"e-con-inner\">\n\t\t\t\t<div class=\"elementor-element elementor-element-5f1e9e3 elementor-widget elementor-widget-spacer\" data-id=\"5f1e9e3\" data-element_type=\"widget\" data-widget_type=\"spacer.default\">\n\t\t\t\t<div class=\"elementor-widget-container\">\n\t\t\t\t\t\t\t<div class=\"elementor-spacer\">\n\t\t\t<div class=\"elementor-spacer-inner\"><\/div>\n\t\t<\/div>\n\t\t\t\t\t\t<\/div>\n\t\t\t\t<\/div>\n\t\t\t\t\t<\/div>\n\t\t\t\t<\/div>\n\t\t<div class=\"elementor-element elementor-element-3abbbff e-flex e-con-boxed e-con e-parent\" data-id=\"3abbbff\" data-element_type=\"container\">\n\t\t\t\t\t<div class=\"e-con-inner\">\n\t\t\t\t<div class=\"elementor-element elementor-element-f5bbd3e elementor-widget elementor-widget-heading\" data-id=\"f5bbd3e\" data-element_type=\"widget\" data-widget_type=\"heading.default\">\n\t\t\t\t<div class=\"elementor-widget-container\">\n\t\t\t\t\t<h2 class=\"elementor-heading-title elementor-size-default\"><strong>Mobilheim auf der Insel Ol\u00e9ron zu vermieten<\/strong><br><\/h2>\t\t\t\t<\/div>\n\t\t\t\t<\/div>\n\t\t<div class=\"elementor-element elementor-element-ea937d2 e-con-full e-flex e-con e-child\" data-id=\"ea937d2\" data-element_type=\"container\">\n\t\t\t\t<div class=\"elementor-element elementor-element-c9de4a7 elementor-widget elementor-widget-spacer\" data-id=\"c9de4a7\" data-element_type=\"widget\" data-widget_type=\"spacer.default\">\n\t\t\t\t<div class=\"elementor-widget-container\">\n\t\t\t\t\t\t\t<div class=\"elementor-spacer\">\n\t\t\t<div class=\"elementor-spacer-inner\"><\/div>\n\t\t<\/div>\n\t\t\t\t\t\t<\/div>\n\t\t\t\t<\/div>\n\t\t\t\t<div class=\"elementor-element elementor-element-58044a8 elementor-widget elementor-widget-text-editor\" data-id=\"58044a8\" data-element_type=\"widget\" data-widget_type=\"text-editor.default\">\n\t\t\t\t<div class=\"elementor-widget-container\">\n\t\t\t\t\t\t\t\t\t<p class=\"translation-block\">F\u00fcr einen <strong>entspannten Urlaub<\/strong> konzipiert, bietet das <strong>Ophea Grande<\/strong> auf dem <strong>Camping Phare Ouest<\/strong> ein angenehmes und komfortables Umfeld. Dank seines durchdachten Grundrisses und des \u00fcberdachten Au\u00dfenbereichs k\u00f6nnen Sie Ihren <strong>Aufenthalt<\/strong> in vollen Z\u00fcgen genie\u00dfen \u2013 sei es bei erholsamen Momenten, gemeinsamen Mahlzeiten im Freien oder mit praktischem Komfort im Alltag. Die ideale Wahl, um <strong>ein Mobilheim f\u00fcr 4 Personen in Saint-Denis d\u2019Ol\u00e9ron zu buchen<\/strong> und die <strong>Insel Ol\u00e9ron<\/strong> ganz entspannt zu erleben.<\/p>\t\t\t\t\t\t\t\t<\/div>\n\t\t\t\t<\/div>\n\t\t\t\t<div class=\"elementor-element elementor-element-4d7181e elementor-align-center elementor-widget elementor-widget-button\" data-id=\"4d7181e\" data-element_type=\"widget\" data-widget_type=\"button.default\">\n\t\t\t\t<div class=\"elementor-widget-container\">\n\t\t\t\t\t\t\t\t\t<div class=\"elementor-button-wrapper\">\n\t\t\t\t\t<a class=\"elementor-button elementor-button-link elementor-size-sm elementor-animation-grow\" href=\"https:\/\/reservation.secureholiday.net\/de\/14952\/search\/product-view\/73416\">\n\t\t\t\t\t\t<span class=\"elementor-button-content-wrapper\">\n\t\t\t\t\t\t\t\t\t<span class=\"elementor-button-text\">Verf\u00fcgbarkeit pr\u00fcfen<\/span>\n\t\t\t\t\t<\/span>\n\t\t\t\t\t<\/a>\n\t\t\t\t<\/div>\n\t\t\t\t\t\t\t\t<\/div>\n\t\t\t\t<\/div>\n\t\t\t\t<div class=\"elementor-element elementor-element-4ca8293 elementor-widget elementor-widget-spacer\" data-id=\"4ca8293\" data-element_type=\"widget\" data-widget_type=\"spacer.default\">\n\t\t\t\t<div class=\"elementor-widget-container\">\n\t\t\t\t\t\t\t<div class=\"elementor-spacer\">\n\t\t\t<div class=\"elementor-spacer-inner\"><\/div>\n\t\t<\/div>\n\t\t\t\t\t\t<\/div>\n\t\t\t\t<\/div>\n\t\t<div class=\"elementor-element elementor-element-06d6f69 e-con-full e-flex e-con e-child\" data-id=\"06d6f69\" data-element_type=\"container\">\n\t\t\t\t<div class=\"elementor-element elementor-element-0ff23c8 elementor-align-center elementor-widget elementor-widget-button\" data-id=\"0ff23c8\" data-element_type=\"widget\" data-widget_type=\"button.default\">\n\t\t\t\t<div class=\"elementor-widget-container\">\n\t\t\t\t\t\t\t\t\t<div class=\"elementor-button-wrapper\">\n\t\t\t\t\t<a class=\"elementor-button elementor-button-link elementor-size-sm elementor-animation-grow\" href=\"https:\/\/www.emeraude-vacances.com\/de\/campingplatz-phare-ouest\/\">\n\t\t\t\t\t\t<span class=\"elementor-button-content-wrapper\">\n\t\t\t\t\t\t\t\t\t<span class=\"elementor-button-text\">Zur\u00fcck zum Camping Phare Ouest<\/span>\n\t\t\t\t\t<\/span>\n\t\t\t\t\t<\/a>\n\t\t\t\t<\/div>\n\t\t\t\t\t\t\t\t<\/div>\n\t\t\t\t<\/div>\n\t\t\t\t<div class=\"elementor-element elementor-element-a33a225 elementor-align-center elementor-widget elementor-widget-button\" data-id=\"a33a225\" data-element_type=\"widget\" data-widget_type=\"button.default\">\n\t\t\t\t<div class=\"elementor-widget-container\">\n\t\t\t\t\t\t\t\t\t<div class=\"elementor-button-wrapper\">\n\t\t\t\t\t<a class=\"elementor-button elementor-button-link elementor-size-sm elementor-animation-grow\" href=\"https:\/\/www.emeraude-vacances.com\/de\/pool-mit-wasserrutsche-oleron\/\">\n\t\t\t\t\t\t<span class=\"elementor-button-content-wrapper\">\n\t\t\t\t\t\t\t\t\t<span class=\"elementor-button-text\">Die Badelandschaft entdecken<\/span>\n\t\t\t\t\t<\/span>\n\t\t\t\t\t<\/a>\n\t\t\t\t<\/div>\n\t\t\t\t\t\t\t\t<\/div>\n\t\t\t\t<\/div>\n\t\t\t\t<div class=\"elementor-element elementor-element-0a0faa4 elementor-align-center elementor-widget elementor-widget-button\" data-id=\"0a0faa4\" data-element_type=\"widget\" data-widget_type=\"button.default\">\n\t\t\t\t<div class=\"elementor-widget-container\">\n\t\t\t\t\t\t\t\t\t<div class=\"elementor-button-wrapper\">\n\t\t\t\t\t<a class=\"elementor-button elementor-button-link elementor-size-sm elementor-animation-grow\" href=\"https:\/\/www.emeraude-vacances.com\/de\/sport-auf-dem-campingplatz-oleron\/\">\n\t\t\t\t\t\t<span class=\"elementor-button-content-wrapper\">\n\t\t\t\t\t\t\t\t\t<span class=\"elementor-button-text\">Den Sport und Kinderbereich entdecken<\/span>\n\t\t\t\t\t<\/span>\n\t\t\t\t\t<\/a>\n\t\t\t\t<\/div>\n\t\t\t\t\t\t\t\t<\/div>\n\t\t\t\t<\/div>\n\t\t\t\t<\/div>\n\t\t\t\t<div class=\"elementor-element elementor-element-2ebab14 elementor-widget elementor-widget-spacer\" data-id=\"2ebab14\" data-element_type=\"widget\" data-widget_type=\"spacer.default\">\n\t\t\t\t<div class=\"elementor-widget-container\">\n\t\t\t\t\t\t\t<div class=\"elementor-spacer\">\n\t\t\t<div class=\"elementor-spacer-inner\"><\/div>\n\t\t<\/div>\n\t\t\t\t\t\t<\/div>\n\t\t\t\t<\/div>\n\t\t\t\t<\/div>\n\t\t\t\t\t<\/div>\n\t\t\t\t<\/div>\n\t\t<div class=\"elementor-element elementor-element-e236f10 e-flex e-con-boxed e-con e-parent\" data-id=\"e236f10\" data-element_type=\"container\">\n\t\t\t\t\t<div class=\"e-con-inner\">\n\t\t\t\t<div class=\"elementor-element elementor-element-5aeb397 elementor-widget elementor-widget-spacer\" data-id=\"5aeb397\" data-element_type=\"widget\" data-widget_type=\"spacer.default\">\n\t\t\t\t<div class=\"elementor-widget-container\">\n\t\t\t\t\t\t\t<div class=\"elementor-spacer\">\n\t\t\t<div class=\"elementor-spacer-inner\"><\/div>\n\t\t<\/div>\n\t\t\t\t\t\t<\/div>\n\t\t\t\t<\/div>\n\t\t\t\t<div class=\"elementor-element elementor-element-303988d elementor-widget elementor-widget-heading\" data-id=\"303988d\" data-element_type=\"widget\" data-widget_type=\"heading.default\">\n\t\t\t\t<div class=\"elementor-widget-container\">\n\t\t\t\t\t<h2 class=\"elementor-heading-title elementor-size-default\">Ferienunterkunft f\u00fcr 2 bis 4 Personen<\/h2>\t\t\t\t<\/div>\n\t\t\t\t<\/div>\n\t\t\t\t<div class=\"elementor-element elementor-element-175a8fc elementor-widget elementor-widget-spacer\" data-id=\"175a8fc\" data-element_type=\"widget\" data-widget_type=\"spacer.default\">\n\t\t\t\t<div class=\"elementor-widget-container\">\n\t\t\t\t\t\t\t<div class=\"elementor-spacer\">\n\t\t\t<div class=\"elementor-spacer-inner\"><\/div>\n\t\t<\/div>\n\t\t\t\t\t\t<\/div>\n\t\t\t\t<\/div>\n\t\t<div class=\"elementor-element elementor-element-8a3b8c5 e-con-full e-flex e-con e-child\" data-id=\"8a3b8c5\" data-element_type=\"container\">\n\t\t<div class=\"elementor-element elementor-element-979a5a1 e-con-full e-flex e-con e-child\" data-id=\"979a5a1\" data-element_type=\"container\" data-settings=\"{&quot;background_background&quot;:&quot;classic&quot;}\">\n\t\t\t\t<div class=\"elementor-element elementor-element-de6a6c9 elementor-widget elementor-widget-heading\" data-id=\"de6a6c9\" data-element_type=\"widget\" data-widget_type=\"heading.default\">\n\t\t\t\t<div class=\"elementor-widget-container\">\n\t\t\t\t\t<h3 class=\"elementor-heading-title elementor-size-default\">Im Juli und August<\/h3>\t\t\t\t<\/div>\n\t\t\t\t<\/div>\n\t\t\t\t<div class=\"elementor-element elementor-element-736a6ea elementor-view-default elementor-widget elementor-widget-icon\" data-id=\"736a6ea\" data-element_type=\"widget\" data-widget_type=\"icon.default\">\n\t\t\t\t<div class=\"elementor-widget-container\">\n\t\t\t\t\t\t\t<div class=\"elementor-icon-wrapper\">\n\t\t\t<div class=\"elementor-icon\">\n\t\t\t<i aria-hidden=\"true\" class=\"fas fa-chalkboard-teacher\"><\/i>\t\t\t<\/div>\n\t\t<\/div>\n\t\t\t\t\t\t<\/div>\n\t\t\t\t<\/div>\n\t\t\t\t<div class=\"elementor-element elementor-element-e911f5c elementor-widget elementor-widget-text-editor\" data-id=\"e911f5c\" data-element_type=\"widget\" data-widget_type=\"text-editor.default\">\n\t\t\t\t<div class=\"elementor-widget-container\">\n\t\t\t\t\t\t\t\t\t<p><strong>Anreise und Abreise jeweils samstags oder mittwochs<\/strong><\/p>\t\t\t\t\t\t\t\t<\/div>\n\t\t\t\t<\/div>\n\t\t\t\t<div class=\"elementor-element elementor-element-d51b604 elementor-view-default elementor-widget elementor-widget-icon\" data-id=\"d51b604\" data-element_type=\"widget\" data-widget_type=\"icon.default\">\n\t\t\t\t<div class=\"elementor-widget-container\">\n\t\t\t\t\t\t\t<div class=\"elementor-icon-wrapper\">\n\t\t\t<div class=\"elementor-icon\">\n\t\t\t<i aria-hidden=\"true\" class=\"fas fa-suitcase-rolling\"><\/i>\t\t\t<\/div>\n\t\t<\/div>\n\t\t\t\t\t\t<\/div>\n\t\t\t\t<\/div>\n\t\t\t\t<div class=\"elementor-element elementor-element-e06bf9d elementor-widget elementor-widget-text-editor\" data-id=\"e06bf9d\" data-element_type=\"widget\" data-widget_type=\"text-editor.default\">\n\t\t\t\t<div class=\"elementor-widget-container\">\n\t\t\t\t\t\t\t\t\t<p><strong>\u00a0\u2022 Anreise ab 16 Uhr\u00a0<\/strong><\/p>\t\t\t\t\t\t\t\t<\/div>\n\t\t\t\t<\/div>\n\t\t\t\t<\/div>\n\t\t<div class=\"elementor-element elementor-element-2305917 e-con-full e-flex e-con e-child\" data-id=\"2305917\" data-element_type=\"container\">\n\t\t\t\t<div class=\"elementor-element elementor-element-958553b elementor-widget elementor-widget-heading\" data-id=\"958553b\" data-element_type=\"widget\" data-widget_type=\"heading.default\">\n\t\t\t\t<div class=\"elementor-widget-container\">\n\t\t\t\t\t<h3 class=\"elementor-heading-title elementor-size-default\">Nebensaison<\/h3>\t\t\t\t<\/div>\n\t\t\t\t<\/div>\n\t\t\t\t<div class=\"elementor-element elementor-element-ae21ed3 elementor-view-default elementor-widget elementor-widget-icon\" data-id=\"ae21ed3\" data-element_type=\"widget\" data-widget_type=\"icon.default\">\n\t\t\t\t<div class=\"elementor-widget-container\">\n\t\t\t\t\t\t\t<div class=\"elementor-icon-wrapper\">\n\t\t\t<div class=\"elementor-icon\">\n\t\t\t<i aria-hidden=\"true\" class=\"fas fa-chalkboard-teacher\"><\/i>\t\t\t<\/div>\n\t\t<\/div>\n\t\t\t\t\t\t<\/div>\n\t\t\t\t<\/div>\n\t\t\t\t<div class=\"elementor-element elementor-element-33bf3e5 elementor-widget elementor-widget-text-editor\" data-id=\"33bf3e5\" data-element_type=\"widget\" data-widget_type=\"text-editor.default\">\n\t\t\t\t<div class=\"elementor-widget-container\">\n\t\t\t\t\t\t\t\t\t<p><strong>Anreise und Abreise jeweils samstags oder mittwochs<\/strong><\/p>\t\t\t\t\t\t\t\t<\/div>\n\t\t\t\t<\/div>\n\t\t\t\t<div class=\"elementor-element elementor-element-fdb5949 elementor-view-default elementor-widget elementor-widget-icon\" data-id=\"fdb5949\" data-element_type=\"widget\" data-widget_type=\"icon.default\">\n\t\t\t\t<div class=\"elementor-widget-container\">\n\t\t\t\t\t\t\t<div class=\"elementor-icon-wrapper\">\n\t\t\t<div class=\"elementor-icon\">\n\t\t\t<i aria-hidden=\"true\" class=\"fas fa-suitcase-rolling\"><\/i>\t\t\t<\/div>\n\t\t<\/div>\n\t\t\t\t\t\t<\/div>\n\t\t\t\t<\/div>\n\t\t\t\t<div class=\"elementor-element elementor-element-9d933e6 elementor-widget elementor-widget-text-editor\" data-id=\"9d933e6\" data-element_type=\"widget\" data-widget_type=\"text-editor.default\">\n\t\t\t\t<div class=\"elementor-widget-container\">\n\t\t\t\t\t\t\t\t\t<p class=\"translation-block\"><strong>\u2022 Anreise von 16:00 bis 19:00 Uhr<\/strong><br><strong>\u2022 Abreise von 6:00 bis 11:00 Uhr<\/strong><\/p>\t\t\t\t\t\t\t\t<\/div>\n\t\t\t\t<\/div>\n\t\t\t\t<\/div>\n\t\t\t\t<\/div>\n\t\t\t\t<div class=\"elementor-element elementor-element-10314df elementor-widget elementor-widget-spacer\" data-id=\"10314df\" data-element_type=\"widget\" data-widget_type=\"spacer.default\">\n\t\t\t\t<div class=\"elementor-widget-container\">\n\t\t\t\t\t\t\t<div class=\"elementor-spacer\">\n\t\t\t<div class=\"elementor-spacer-inner\"><\/div>\n\t\t<\/div>\n\t\t\t\t\t\t<\/div>\n\t\t\t\t<\/div>\n\t\t\t\t<div class=\"elementor-element elementor-element-3b6e9ce elementor-widget elementor-widget-text-editor\" data-id=\"3b6e9ce\" data-element_type=\"widget\" data-widget_type=\"text-editor.default\">\n\t\t\t\t<div class=\"elementor-widget-container\">\n\t\t\t\t\t\t\t\t\t<p class=\"translation-block\">Bei der Ankunft ist eine Kreditkartenhinterlegung als Kaution erforderlich. Bei Versp\u00e4tungen oder zur Vorbereitung Ihrer Anreise ist der <strong>Camping Phare Ouest<\/strong> gerne f\u00fcr Sie erreichbar. Bitte bringen Sie au\u00dferdem Bettw\u00e4sche, Handt\u00fccher, Toilettenpapier, Gew\u00fcrze sowie alle pers\u00f6nlichen Dinge mit, die Sie f\u00fcr Ihren <strong>Aufenthalt<\/strong> ben\u00f6tigen.<\/p><p class=\"translation-block\">Um Ihren <strong>Aufenthalt im Mobilheim f\u00fcr 4 Personen in Saint-Denis d\u2019Ol\u00e9ron<\/strong> bestm\u00f6glich vorzubereiten oder weitere Informationen zu erhalten, k\u00f6nnen Sie sich <a href=\"https:\/\/www.emeraude-vacances.com\/de\/contact\/\" target=\"_self\"><strong>direkt an den<\/strong> <strong>Camping Phare Ouest<\/strong><\/a> wenden.<\/p>\t\t\t\t\t\t\t\t<\/div>\n\t\t\t\t<\/div>\n\t\t<div class=\"elementor-element elementor-element-28eed32 e-con-full e-flex e-con e-child\" data-id=\"28eed32\" data-element_type=\"container\">\n\t\t\t\t<div class=\"elementor-element elementor-element-88c7c59 elementor-align-center elementor-widget elementor-widget-button\" data-id=\"88c7c59\" data-element_type=\"widget\" data-widget_type=\"button.default\">\n\t\t\t\t<div class=\"elementor-widget-container\">\n\t\t\t\t\t\t\t\t\t<div class=\"elementor-button-wrapper\">\n\t\t\t\t\t<a class=\"elementor-button elementor-button-link elementor-size-sm elementor-animation-grow\" href=\"https:\/\/reservation.secureholiday.net\/de\/14952\/search\/product-view\/73416\">\n\t\t\t\t\t\t<span class=\"elementor-button-content-wrapper\">\n\t\t\t\t\t\t\t\t\t<span class=\"elementor-button-text\">Buchen Sie Ihren Aufenthalt<\/span>\n\t\t\t\t\t<\/span>\n\t\t\t\t\t<\/a>\n\t\t\t\t<\/div>\n\t\t\t\t\t\t\t\t<\/div>\n\t\t\t\t<\/div>\n\t\t\t\t<div class=\"elementor-element elementor-element-cdb5886 elementor-align-center elementor-widget elementor-widget-button\" data-id=\"cdb5886\" data-element_type=\"widget\" data-widget_type=\"button.default\">\n\t\t\t\t<div class=\"elementor-widget-container\">\n\t\t\t\t\t\t\t\t\t<div class=\"elementor-button-wrapper\">\n\t\t\t\t\t<a class=\"elementor-button elementor-button-link elementor-size-sm elementor-animation-grow\" href=\"https:\/\/www.emeraude-vacances.com\/de\/contact\/\">\n\t\t\t\t\t\t<span class=\"elementor-button-content-wrapper\">\n\t\t\t\t\t\t\t\t\t<span class=\"elementor-button-text\">Camping Phare Ouest kontaktieren<\/span>\n\t\t\t\t\t<\/span>\n\t\t\t\t\t<\/a>\n\t\t\t\t<\/div>\n\t\t\t\t\t\t\t\t<\/div>\n\t\t\t\t<\/div>\n\t\t\t\t<\/div>\n\t\t\t\t<div class=\"elementor-element elementor-element-6005651 elementor-widget elementor-widget-spacer\" data-id=\"6005651\" data-element_type=\"widget\" data-widget_type=\"spacer.default\">\n\t\t\t\t<div class=\"elementor-widget-container\">\n\t\t\t\t\t\t\t<div class=\"elementor-spacer\">\n\t\t\t<div class=\"elementor-spacer-inner\"><\/div>\n\t\t<\/div>\n\t\t\t\t\t\t<\/div>\n\t\t\t\t<\/div>\n\t\t\t\t\t<\/div>\n\t\t\t\t<\/div>\n\t\t<div class=\"elementor-element elementor-element-4096d05 e-flex e-con-boxed e-con e-parent\" data-id=\"4096d05\" data-element_type=\"container\" data-settings=\"{&quot;background_background&quot;:&quot;classic&quot;,&quot;shape_divider_top&quot;:&quot;wave-brush&quot;,&quot;shape_divider_bottom&quot;:&quot;wave-brush&quot;}\">\n\t\t\t\t\t<div class=\"e-con-inner\">\n\t\t\t\t<div class=\"elementor-shape elementor-shape-top\" aria-hidden=\"true\" data-negative=\"false\">\n\t\t\t<svg xmlns=\"http:\/\/www.w3.org\/2000\/svg\" viewbox=\"0 0 283.5 27.8\" preserveaspectratio=\"none\">\n\t<path class=\"elementor-shape-fill\" d=\"M283.5,9.7c0,0-7.3,4.3-14,4.6c-6.8,0.3-12.6,0-20.9-1.5c-11.3-2-33.1-10.1-44.7-5.7\ts-12.1,4.6-18,7.4c-6.6,3.2-20,9.6-36.6,9.3C131.6,23.5,99.5,7.2,86.3,8c-1.4,0.1-6.6,0.8-10.5,2c-3.8,1.2-9.4,3.8-17,4.7\tc-3.2,0.4-8.3,1.1-14.2,0.9c-1.5-0.1-6.3-0.4-12-1.6c-5.7-1.2-11-3.1-15.8-3.7C6.5,9.2,0,10.8,0,10.8V0h283.5V9.7z M260.8,11.3\tc-0.7-1-2-0.4-4.3-0.4c-2.3,0-6.1-1.2-5.8-1.1c0.3,0.1,3.1,1.5,6,1.9C259.7,12.2,261.4,12.3,260.8,11.3z M242.4,8.6\tc0,0-2.4-0.2-5.6-0.9c-3.2-0.8-10.3-2.8-15.1-3.5c-8.2-1.1-15.8,0-15.1,0.1c0.8,0.1,9.6-0.6,17.6,1.1c3.3,0.7,9.3,2.2,12.4,2.7\tC239.9,8.7,242.4,8.6,242.4,8.6z M185.2,8.5c1.7-0.7-13.3,4.7-18.5,6.1c-2.1,0.6-6.2,1.6-10,2c-3.9,0.4-8.9,0.4-8.8,0.5\tc0,0.2,5.8,0.8,11.2,0c5.4-0.8,5.2-1.1,7.6-1.6C170.5,14.7,183.5,9.2,185.2,8.5z M199.1,6.9c0.2,0-0.8-0.4-4.8,1.1\tc-4,1.5-6.7,3.5-6.9,3.7c-0.2,0.1,3.5-1.8,6.6-3C197,7.5,199,6.9,199.1,6.9z M283,6c-0.1,0.1-1.9,1.1-4.8,2.5s-6.9,2.8-6.7,2.7\tc0.2,0,3.5-0.6,7.4-2.5C282.8,6.8,283.1,5.9,283,6z M31.3,11.6c0.1-0.2-1.9-0.2-4.5-1.2s-5.4-1.6-7.8-2C15,7.6,7.3,8.5,7.7,8.6\tC8,8.7,15.9,8.3,20.2,9.3c2.2,0.5,2.4,0.5,5.7,1.6S31.2,11.9,31.3,11.6z M73,9.2c0.4-0.1,3.5-1.6,8.4-2.6c4.9-1.1,8.9-0.5,8.9-0.8\tc0-0.3-1-0.9-6.2-0.3S72.6,9.3,73,9.2z M71.6,6.7C71.8,6.8,75,5.4,77.3,5c2.3-0.3,1.9-0.5,1.9-0.6c0-0.1-1.1-0.2-2.7,0.2\tC74.8,5.1,71.4,6.6,71.6,6.7z M93.6,4.4c0.1,0.2,3.5,0.8,5.6,1.8c2.1,1,1.8,0.6,1.9,0.5c0.1-0.1-0.8-0.8-2.4-1.3\tC97.1,4.8,93.5,4.2,93.6,4.4z M65.4,11.1c-0.1,0.3,0.3,0.5,1.9-0.2s2.6-1.3,2.2-1.2s-0.9,0.4-2.5,0.8C65.3,10.9,65.5,10.8,65.4,11.1\tz M34.5,12.4c-0.2,0,2.1,0.8,3.3,0.9c1.2,0.1,2,0.1,2-0.2c0-0.3-0.1-0.5-1.6-0.4C36.6,12.8,34.7,12.4,34.5,12.4z M152.2,21.1\tc-0.1,0.1-2.4-0.3-7.5-0.3c-5,0-13.6-2.4-17.2-3.5c-3.6-1.1,10,3.9,16.5,4.1C150.5,21.6,152.3,21,152.2,21.1z\"\/>\n\t<path class=\"elementor-shape-fill\" d=\"M269.6,18c-0.1-0.1-4.6,0.3-7.2,0c-7.3-0.7-17-3.2-16.6-2.9c0.4,0.3,13.7,3.1,17,3.3\tC267.7,18.8,269.7,18,269.6,18z\"\/>\n\t<path class=\"elementor-shape-fill\" d=\"M227.4,9.8c-0.2-0.1-4.5-1-9.5-1.2c-5-0.2-12.7,0.6-12.3,0.5c0.3-0.1,5.9-1.8,13.3-1.2\tS227.6,9.9,227.4,9.8z\"\/>\n\t<path class=\"elementor-shape-fill\" d=\"M204.5,13.4c-0.1-0.1,2-1,3.2-1.1c1.2-0.1,2,0,2,0.3c0,0.3-0.1,0.5-1.6,0.4\tC206.4,12.9,204.6,13.5,204.5,13.4z\"\/>\n\t<path class=\"elementor-shape-fill\" d=\"M201,10.6c0-0.1-4.4,1.2-6.3,2.2c-1.9,0.9-6.2,3.1-6.1,3.1c0.1,0.1,4.2-1.6,6.3-2.6\tS201,10.7,201,10.6z\"\/>\n\t<path class=\"elementor-shape-fill\" d=\"M154.5,26.7c-0.1-0.1-4.6,0.3-7.2,0c-7.3-0.7-17-3.2-16.6-2.9c0.4,0.3,13.7,3.1,17,3.3\tC152.6,27.5,154.6,26.8,154.5,26.7z\"\/>\n\t<path class=\"elementor-shape-fill\" d=\"M41.9,19.3c0,0,1.2-0.3,2.9-0.1c1.7,0.2,5.8,0.9,8.2,0.7c4.2-0.4,7.4-2.7,7-2.6\tc-0.4,0-4.3,2.2-8.6,1.9c-1.8-0.1-5.1-0.5-6.7-0.4S41.9,19.3,41.9,19.3z\"\/>\n\t<path class=\"elementor-shape-fill\" d=\"M75.5,12.6c0.2,0.1,2-0.8,4.3-1.1c2.3-0.2,2.1-0.3,2.1-0.5c0-0.1-1.8-0.4-3.4,0\tC76.9,11.5,75.3,12.5,75.5,12.6z\"\/>\n\t<path class=\"elementor-shape-fill\" d=\"M15.6,13.2c0-0.1,4.3,0,6.7,0.5c2.4,0.5,5,1.9,5,2c0,0.1-2.7-0.8-5.1-1.4\tC19.9,13.7,15.7,13.3,15.6,13.2z\"\/>\n<\/svg>\t\t<\/div>\n\t\t\t\t<div class=\"elementor-shape elementor-shape-bottom\" aria-hidden=\"true\" data-negative=\"false\">\n\t\t\t<svg xmlns=\"http:\/\/www.w3.org\/2000\/svg\" viewbox=\"0 0 283.5 27.8\" preserveaspectratio=\"none\">\n\t<path class=\"elementor-shape-fill\" d=\"M283.5,9.7c0,0-7.3,4.3-14,4.6c-6.8,0.3-12.6,0-20.9-1.5c-11.3-2-33.1-10.1-44.7-5.7\ts-12.1,4.6-18,7.4c-6.6,3.2-20,9.6-36.6,9.3C131.6,23.5,99.5,7.2,86.3,8c-1.4,0.1-6.6,0.8-10.5,2c-3.8,1.2-9.4,3.8-17,4.7\tc-3.2,0.4-8.3,1.1-14.2,0.9c-1.5-0.1-6.3-0.4-12-1.6c-5.7-1.2-11-3.1-15.8-3.7C6.5,9.2,0,10.8,0,10.8V0h283.5V9.7z M260.8,11.3\tc-0.7-1-2-0.4-4.3-0.4c-2.3,0-6.1-1.2-5.8-1.1c0.3,0.1,3.1,1.5,6,1.9C259.7,12.2,261.4,12.3,260.8,11.3z M242.4,8.6\tc0,0-2.4-0.2-5.6-0.9c-3.2-0.8-10.3-2.8-15.1-3.5c-8.2-1.1-15.8,0-15.1,0.1c0.8,0.1,9.6-0.6,17.6,1.1c3.3,0.7,9.3,2.2,12.4,2.7\tC239.9,8.7,242.4,8.6,242.4,8.6z M185.2,8.5c1.7-0.7-13.3,4.7-18.5,6.1c-2.1,0.6-6.2,1.6-10,2c-3.9,0.4-8.9,0.4-8.8,0.5\tc0,0.2,5.8,0.8,11.2,0c5.4-0.8,5.2-1.1,7.6-1.6C170.5,14.7,183.5,9.2,185.2,8.5z M199.1,6.9c0.2,0-0.8-0.4-4.8,1.1\tc-4,1.5-6.7,3.5-6.9,3.7c-0.2,0.1,3.5-1.8,6.6-3C197,7.5,199,6.9,199.1,6.9z M283,6c-0.1,0.1-1.9,1.1-4.8,2.5s-6.9,2.8-6.7,2.7\tc0.2,0,3.5-0.6,7.4-2.5C282.8,6.8,283.1,5.9,283,6z M31.3,11.6c0.1-0.2-1.9-0.2-4.5-1.2s-5.4-1.6-7.8-2C15,7.6,7.3,8.5,7.7,8.6\tC8,8.7,15.9,8.3,20.2,9.3c2.2,0.5,2.4,0.5,5.7,1.6S31.2,11.9,31.3,11.6z M73,9.2c0.4-0.1,3.5-1.6,8.4-2.6c4.9-1.1,8.9-0.5,8.9-0.8\tc0-0.3-1-0.9-6.2-0.3S72.6,9.3,73,9.2z M71.6,6.7C71.8,6.8,75,5.4,77.3,5c2.3-0.3,1.9-0.5,1.9-0.6c0-0.1-1.1-0.2-2.7,0.2\tC74.8,5.1,71.4,6.6,71.6,6.7z M93.6,4.4c0.1,0.2,3.5,0.8,5.6,1.8c2.1,1,1.8,0.6,1.9,0.5c0.1-0.1-0.8-0.8-2.4-1.3\tC97.1,4.8,93.5,4.2,93.6,4.4z M65.4,11.1c-0.1,0.3,0.3,0.5,1.9-0.2s2.6-1.3,2.2-1.2s-0.9,0.4-2.5,0.8C65.3,10.9,65.5,10.8,65.4,11.1\tz M34.5,12.4c-0.2,0,2.1,0.8,3.3,0.9c1.2,0.1,2,0.1,2-0.2c0-0.3-0.1-0.5-1.6-0.4C36.6,12.8,34.7,12.4,34.5,12.4z M152.2,21.1\tc-0.1,0.1-2.4-0.3-7.5-0.3c-5,0-13.6-2.4-17.2-3.5c-3.6-1.1,10,3.9,16.5,4.1C150.5,21.6,152.3,21,152.2,21.1z\"\/>\n\t<path class=\"elementor-shape-fill\" d=\"M269.6,18c-0.1-0.1-4.6,0.3-7.2,0c-7.3-0.7-17-3.2-16.6-2.9c0.4,0.3,13.7,3.1,17,3.3\tC267.7,18.8,269.7,18,269.6,18z\"\/>\n\t<path class=\"elementor-shape-fill\" d=\"M227.4,9.8c-0.2-0.1-4.5-1-9.5-1.2c-5-0.2-12.7,0.6-12.3,0.5c0.3-0.1,5.9-1.8,13.3-1.2\tS227.6,9.9,227.4,9.8z\"\/>\n\t<path class=\"elementor-shape-fill\" d=\"M204.5,13.4c-0.1-0.1,2-1,3.2-1.1c1.2-0.1,2,0,2,0.3c0,0.3-0.1,0.5-1.6,0.4\tC206.4,12.9,204.6,13.5,204.5,13.4z\"\/>\n\t<path class=\"elementor-shape-fill\" d=\"M201,10.6c0-0.1-4.4,1.2-6.3,2.2c-1.9,0.9-6.2,3.1-6.1,3.1c0.1,0.1,4.2-1.6,6.3-2.6\tS201,10.7,201,10.6z\"\/>\n\t<path class=\"elementor-shape-fill\" d=\"M154.5,26.7c-0.1-0.1-4.6,0.3-7.2,0c-7.3-0.7-17-3.2-16.6-2.9c0.4,0.3,13.7,3.1,17,3.3\tC152.6,27.5,154.6,26.8,154.5,26.7z\"\/>\n\t<path class=\"elementor-shape-fill\" d=\"M41.9,19.3c0,0,1.2-0.3,2.9-0.1c1.7,0.2,5.8,0.9,8.2,0.7c4.2-0.4,7.4-2.7,7-2.6\tc-0.4,0-4.3,2.2-8.6,1.9c-1.8-0.1-5.1-0.5-6.7-0.4S41.9,19.3,41.9,19.3z\"\/>\n\t<path class=\"elementor-shape-fill\" d=\"M75.5,12.6c0.2,0.1,2-0.8,4.3-1.1c2.3-0.2,2.1-0.3,2.1-0.5c0-0.1-1.8-0.4-3.4,0\tC76.9,11.5,75.3,12.5,75.5,12.6z\"\/>\n\t<path class=\"elementor-shape-fill\" d=\"M15.6,13.2c0-0.1,4.3,0,6.7,0.5c2.4,0.5,5,1.9,5,2c0,0.1-2.7-0.8-5.1-1.4\tC19.9,13.7,15.7,13.3,15.6,13.2z\"\/>\n<\/svg>\t\t<\/div>\n\t\t\t\t<div class=\"elementor-element elementor-element-7cde012 elementor-widget elementor-widget-spacer\" data-id=\"7cde012\" data-element_type=\"widget\" data-widget_type=\"spacer.default\">\n\t\t\t\t<div class=\"elementor-widget-container\">\n\t\t\t\t\t\t\t<div class=\"elementor-spacer\">\n\t\t\t<div class=\"elementor-spacer-inner\"><\/div>\n\t\t<\/div>\n\t\t\t\t\t\t<\/div>\n\t\t\t\t<\/div>\n\t\t\t\t<div class=\"elementor-element elementor-element-1a6bcc6 elementor-widget elementor-widget-heading\" data-id=\"1a6bcc6\" data-element_type=\"widget\" data-widget_type=\"heading.default\">\n\t\t\t\t<div class=\"elementor-widget-container\">\n\t\t\t\t\t<h2 class=\"elementor-heading-title elementor-size-default\">Das k\u00f6nnte Ihnen auch gefallen<\/h2>\t\t\t\t<\/div>\n\t\t\t\t<\/div>\n\t\t\t\t<div class=\"elementor-element elementor-element-2a6695f elementor-widget elementor-widget-spacer\" data-id=\"2a6695f\" data-element_type=\"widget\" data-widget_type=\"spacer.default\">\n\t\t\t\t<div class=\"elementor-widget-container\">\n\t\t\t\t\t\t\t<div class=\"elementor-spacer\">\n\t\t\t<div class=\"elementor-spacer-inner\"><\/div>\n\t\t<\/div>\n\t\t\t\t\t\t<\/div>\n\t\t\t\t<\/div>\n\t\t\t\t<div class=\"elementor-element elementor-element-3b36803 elementor-widget__width-initial elementor-pagination-type-bullets elementor-arrows-position-inside elementor-pagination-position-outside elementor-widget elementor-widget-loop-carousel\" data-id=\"3b36803\" data-element_type=\"widget\" data-settings=\"{&quot;template_id&quot;:&quot;2142&quot;,&quot;image_spacing_custom&quot;:{&quot;unit&quot;:&quot;px&quot;,&quot;size&quot;:30,&quot;sizes&quot;:[]},&quot;_skin&quot;:&quot;post&quot;,&quot;slides_to_show&quot;:&quot;3&quot;,&quot;slides_to_show_tablet&quot;:&quot;2&quot;,&quot;slides_to_show_mobile&quot;:&quot;1&quot;,&quot;slides_to_scroll&quot;:&quot;1&quot;,&quot;edit_handle_selector&quot;:&quot;.elementor-widget-container&quot;,&quot;autoplay&quot;:&quot;yes&quot;,&quot;autoplay_speed&quot;:5000,&quot;pause_on_hover&quot;:&quot;yes&quot;,&quot;pause_on_interaction&quot;:&quot;yes&quot;,&quot;infinite&quot;:&quot;yes&quot;,&quot;speed&quot;:500,&quot;offset_sides&quot;:&quot;none&quot;,&quot;arrows&quot;:&quot;yes&quot;,&quot;pagination&quot;:&quot;bullets&quot;,&quot;image_spacing_custom_tablet&quot;:{&quot;unit&quot;:&quot;px&quot;,&quot;size&quot;:&quot;&quot;,&quot;sizes&quot;:[]},&quot;image_spacing_custom_mobile&quot;:{&quot;unit&quot;:&quot;px&quot;,&quot;size&quot;:&quot;&quot;,&quot;sizes&quot;:[]},&quot;arrows_normal_background_slideshow_gallery&quot;:[],&quot;arrows_normal_background_slideshow_loop&quot;:&quot;yes&quot;,&quot;arrows_normal_background_slideshow_slide_duration&quot;:5000,&quot;arrows_normal_background_slideshow_slide_transition&quot;:&quot;fade&quot;,&quot;arrows_normal_background_slideshow_transition_duration&quot;:500,&quot;arrows_normal_background_slideshow_ken_burns_zoom_direction&quot;:&quot;in&quot;,&quot;arrows_hover_background_slideshow_gallery&quot;:[],&quot;arrows_hover_background_slideshow_loop&quot;:&quot;yes&quot;,&quot;arrows_hover_background_slideshow_slide_duration&quot;:5000,&quot;arrows_hover_background_slideshow_slide_transition&quot;:&quot;fade&quot;,&quot;arrows_hover_background_slideshow_transition_duration&quot;:500,&quot;arrows_hover_background_slideshow_ken_burns_zoom_direction&quot;:&quot;in&quot;}\" data-widget_type=\"loop-carousel.post\">\n\t\t\t\t<div class=\"elementor-widget-container\">\n\t\t\t\t\t\t\t<div class=\"swiper elementor-loop-container elementor-grid\" dir=\"ltr\">\n\t\t\t\t<div class=\"swiper-wrapper\" aria-live=\"off\">\n\t\t<style id=\"loop-2142\">.elementor-2142 .elementor-element.elementor-element-70b52b5{--display:flex;--flex-direction:column;--container-widget-width:100%;--container-widget-height:initial;--container-widget-flex-grow:0;--container-widget-align-self:initial;--flex-wrap-mobile:wrap;--gap:0px 0px;--row-gap:0px;--column-gap:0px;--border-radius:30px 30px 30px 30px;--padding-top:0px;--padding-bottom:0px;--padding-left:0px;--padding-right:0px;}.elementor-2142 .elementor-element.elementor-element-70b52b5:not(.elementor-motion-effects-element-type-background), .elementor-2142 .elementor-element.elementor-element-70b52b5 > .elementor-motion-effects-container > .elementor-motion-effects-layer{background-color:var( --e-global-color-df2ea56 );}.elementor-2142 .elementor-element.elementor-element-67e98b6 img{width:100%;height:200px;object-fit:cover;object-position:center center;border-radius:30px 30px 0px 0px;}.elementor-2142 .elementor-element.elementor-element-8aa1bbd{--display:flex;--gap:10px 10px;--row-gap:10px;--column-gap:10px;--border-radius:0px 0px 30px 30px;--padding-top:20px;--padding-bottom:20px;--padding-left:20px;--padding-right:20px;}.elementor-2142 .elementor-element.elementor-element-8aa1bbd:not(.elementor-motion-effects-element-type-background), .elementor-2142 .elementor-element.elementor-element-8aa1bbd > .elementor-motion-effects-container > .elementor-motion-effects-layer{background-color:var( --e-global-color-df2ea56 );}.elementor-2142 .elementor-element.elementor-element-7c918ab > .elementor-widget-container{margin:0px 0px 10px 0px;}.elementor-2142 .elementor-element.elementor-element-7c918ab{text-align:center;}.elementor-2142 .elementor-element.elementor-element-1e6b329 > .elementor-widget-container{margin:0px 0px 10px 0px;}.elementor-2142 .elementor-element.elementor-element-1e6b329 .elementor-widget-container{text-align:center;}.elementor-2142 .elementor-element.elementor-element-00993c1 .elementor-button{background-color:var( --e-global-color-036ed42 );fill:var( --e-global-color-df2ea56 );color:var( --e-global-color-df2ea56 );}.elementor-2142 .elementor-element.elementor-element-00993c1 .elementor-button:hover, .elementor-2142 .elementor-element.elementor-element-00993c1 .elementor-button:focus{background-color:var( --e-global-color-df2ea56 );color:var( --e-global-color-036ed42 );border-color:var( --e-global-color-036ed42 );}.elementor-2142 .elementor-element.elementor-element-00993c1 .elementor-button:hover svg, .elementor-2142 .elementor-element.elementor-element-00993c1 .elementor-button:focus svg{fill:var( --e-global-color-036ed42 );}<\/style>\t\t<div data-elementor-type=\"loop-item\" data-elementor-id=\"2142\" class=\"elementor elementor-2142 swiper-slide e-loop-item e-loop-item-2135 post-2135 page type-page status-publish has-post-thumbnail hentry\" data-elementor-post-type=\"elementor_library\" role=\"group\" aria-roledescription=\"slide\" data-custom-edit-handle=\"1\">\n\t\t\t<div class=\"elementor-element elementor-element-70b52b5 e-flex e-con-boxed e-con e-parent\" data-id=\"70b52b5\" data-element_type=\"container\" data-settings=\"{&quot;background_background&quot;:&quot;classic&quot;}\">\n\t\t\t\t\t<div class=\"e-con-inner\">\n\t\t\t\t<div class=\"elementor-element elementor-element-67e98b6 elementor-widget elementor-widget-theme-post-featured-image elementor-widget-image\" data-id=\"67e98b6\" data-element_type=\"widget\" data-widget_type=\"theme-post-featured-image.default\">\n\t\t\t\t<div class=\"elementor-widget-container\">\n\t\t\t\t\t\t\t\t\t\t\t\t\t\t\t<img decoding=\"async\" width=\"800\" height=\"597\" src=\"https:\/\/www.emeraude-vacances.com\/wp-content\/uploads\/Capture-decran_2026-04-14_14-23-14.jpg-1.webp\" class=\"attachment-large size-large wp-image-2237\" alt=\"Mobilheim  mit 2 Schlafzimmern\" srcset=\"https:\/\/www.emeraude-vacances.com\/wp-content\/uploads\/Capture-decran_2026-04-14_14-23-14.jpg-1.webp 982w, https:\/\/www.emeraude-vacances.com\/wp-content\/uploads\/Capture-decran_2026-04-14_14-23-14.jpg-1-300x224.webp 300w, https:\/\/www.emeraude-vacances.com\/wp-content\/uploads\/Capture-decran_2026-04-14_14-23-14.jpg-1-768x573.webp 768w, https:\/\/www.emeraude-vacances.com\/wp-content\/uploads\/Capture-decran_2026-04-14_14-23-14.jpg-1-16x12.webp 16w\" sizes=\"(max-width: 800px) 100vw, 800px\" \/>\t\t\t\t\t\t\t\t\t\t\t\t\t\t\t<\/div>\n\t\t\t\t<\/div>\n\t\t<div class=\"elementor-element elementor-element-8aa1bbd e-con-full e-flex e-con e-child\" data-id=\"8aa1bbd\" data-element_type=\"container\" data-settings=\"{&quot;background_background&quot;:&quot;classic&quot;}\">\n\t\t\t\t<div class=\"elementor-element elementor-element-1e6b329 elementor-widget elementor-widget-theme-post-excerpt\" data-id=\"1e6b329\" data-element_type=\"widget\" data-widget_type=\"theme-post-excerpt.default\">\n\t\t\t\t<div class=\"elementor-widget-container\">\n\t\t\t\t\tPraktisches und angenehmes 27,5-m\u00b2-Mobilheim f\u00fcr 2 bis 4 Personen mit 2 Schlafzimmern, 20 m\u00b2 gro\u00dfer Holzterrasse, Wohnbereich, ausgestatteter K\u00fcche und Gartenm\u00f6beln.\t\t\t\t<\/div>\n\t\t\t\t<\/div>\n\t\t\t\t<div class=\"elementor-element elementor-element-00993c1 elementor-align-center elementor-widget elementor-widget-button\" data-id=\"00993c1\" data-element_type=\"widget\" data-widget_type=\"button.default\">\n\t\t\t\t<div class=\"elementor-widget-container\">\n\t\t\t\t\t\t\t\t\t<div class=\"elementor-button-wrapper\">\n\t\t\t\t\t<a class=\"elementor-button elementor-button-link elementor-size-sm elementor-animation-grow\" href=\"https:\/\/www.emeraude-vacances.com\/de\/campingplatz-phare-ouest\/super-mercure-mobilheim\/\">\n\t\t\t\t\t\t<span class=\"elementor-button-content-wrapper\">\n\t\t\t\t\t\t\t\t\t<span class=\"elementor-button-text\">Entdecken<\/span>\n\t\t\t\t\t<\/span>\n\t\t\t\t\t<\/a>\n\t\t\t\t<\/div>\n\t\t\t\t\t\t\t\t<\/div>\n\t\t\t\t<\/div>\n\t\t\t\t<\/div>\n\t\t\t\t\t<\/div>\n\t\t\t\t<\/div>\n\t\t\t\t<\/div>\n\t\t\t\t<div data-elementor-type=\"loop-item\" data-elementor-id=\"2142\" class=\"elementor elementor-2142 swiper-slide e-loop-item e-loop-item-2157 post-2157 page type-page status-publish has-post-thumbnail hentry\" data-elementor-post-type=\"elementor_library\" role=\"group\" aria-roledescription=\"slide\" data-custom-edit-handle=\"1\">\n\t\t\t<div class=\"elementor-element elementor-element-70b52b5 e-flex e-con-boxed e-con e-parent\" data-id=\"70b52b5\" data-element_type=\"container\" data-settings=\"{&quot;background_background&quot;:&quot;classic&quot;}\">\n\t\t\t\t\t<div class=\"e-con-inner\">\n\t\t\t\t<div class=\"elementor-element elementor-element-67e98b6 elementor-widget elementor-widget-theme-post-featured-image elementor-widget-image\" data-id=\"67e98b6\" data-element_type=\"widget\" data-widget_type=\"theme-post-featured-image.default\">\n\t\t\t\t<div class=\"elementor-widget-container\">\n\t\t\t\t\t\t\t\t\t\t\t\t\t\t\t<img decoding=\"async\" width=\"800\" height=\"370\" src=\"https:\/\/www.emeraude-vacances.com\/wp-content\/uploads\/modele-3-mobi-home-4p-terrasse-semi-couverte-734T-2ch-camping-saint-denis-oleron.jpg.webp\" class=\"attachment-large size-large wp-image-2160\" alt=\"mobil-home Saint-Denis d\u2019Ol\u00e9ron bord de mer\" srcset=\"https:\/\/www.emeraude-vacances.com\/wp-content\/uploads\/modele-3-mobi-home-4p-terrasse-semi-couverte-734T-2ch-camping-saint-denis-oleron.jpg.webp 930w, https:\/\/www.emeraude-vacances.com\/wp-content\/uploads\/modele-3-mobi-home-4p-terrasse-semi-couverte-734T-2ch-camping-saint-denis-oleron.jpg-300x139.webp 300w, https:\/\/www.emeraude-vacances.com\/wp-content\/uploads\/modele-3-mobi-home-4p-terrasse-semi-couverte-734T-2ch-camping-saint-denis-oleron.jpg-768x355.webp 768w, https:\/\/www.emeraude-vacances.com\/wp-content\/uploads\/modele-3-mobi-home-4p-terrasse-semi-couverte-734T-2ch-camping-saint-denis-oleron.jpg-18x8.webp 18w\" sizes=\"(max-width: 800px) 100vw, 800px\" \/>\t\t\t\t\t\t\t\t\t\t\t\t\t\t\t<\/div>\n\t\t\t\t<\/div>\n\t\t<div class=\"elementor-element elementor-element-8aa1bbd e-con-full e-flex e-con e-child\" data-id=\"8aa1bbd\" data-element_type=\"container\" data-settings=\"{&quot;background_background&quot;:&quot;classic&quot;}\">\n\t\t\t\t<div class=\"elementor-element elementor-element-1e6b329 elementor-widget elementor-widget-theme-post-excerpt\" data-id=\"1e6b329\" data-element_type=\"widget\" data-widget_type=\"theme-post-excerpt.default\">\n\t\t\t\t<div class=\"elementor-widget-container\">\n\t\t\t\t\tKomfortables 30-m\u00b2-Mobilheim f\u00fcr 2 bis 4 Personen mit 2 Schlafzimmern, eigener halb\u00fcberdachter Holzterrasse und ausgestatteter K\u00fcche.\t\t\t\t<\/div>\n\t\t\t\t<\/div>\n\t\t\t\t<div class=\"elementor-element elementor-element-00993c1 elementor-align-center elementor-widget elementor-widget-button\" data-id=\"00993c1\" data-element_type=\"widget\" data-widget_type=\"button.default\">\n\t\t\t\t<div class=\"elementor-widget-container\">\n\t\t\t\t\t\t\t\t\t<div class=\"elementor-button-wrapper\">\n\t\t\t\t\t<a class=\"elementor-button elementor-button-link elementor-size-sm elementor-animation-grow\" href=\"https:\/\/www.emeraude-vacances.com\/de\/campingplatz-phare-ouest\/ohara-mobilheim\/\">\n\t\t\t\t\t\t<span class=\"elementor-button-content-wrapper\">\n\t\t\t\t\t\t\t\t\t<span class=\"elementor-button-text\">Entdecken<\/span>\n\t\t\t\t\t<\/span>\n\t\t\t\t\t<\/a>\n\t\t\t\t<\/div>\n\t\t\t\t\t\t\t\t<\/div>\n\t\t\t\t<\/div>\n\t\t\t\t<\/div>\n\t\t\t\t\t<\/div>\n\t\t\t\t<\/div>\n\t\t\t\t<\/div>\n\t\t\t\t<div data-elementor-type=\"loop-item\" data-elementor-id=\"2142\" class=\"elementor elementor-2142 swiper-slide e-loop-item e-loop-item-2165 post-2165 page type-page status-publish has-post-thumbnail hentry\" data-elementor-post-type=\"elementor_library\" role=\"group\" aria-roledescription=\"slide\" data-custom-edit-handle=\"1\">\n\t\t\t<div class=\"elementor-element elementor-element-70b52b5 e-flex e-con-boxed e-con e-parent\" data-id=\"70b52b5\" data-element_type=\"container\" data-settings=\"{&quot;background_background&quot;:&quot;classic&quot;}\">\n\t\t\t\t\t<div class=\"e-con-inner\">\n\t\t\t\t<div class=\"elementor-element elementor-element-67e98b6 elementor-widget elementor-widget-theme-post-featured-image elementor-widget-image\" data-id=\"67e98b6\" data-element_type=\"widget\" data-widget_type=\"theme-post-featured-image.default\">\n\t\t\t\t<div class=\"elementor-widget-container\">\n\t\t\t\t\t\t\t\t\t\t\t\t\t\t\t<img loading=\"lazy\" decoding=\"async\" width=\"800\" height=\"600\" src=\"https:\/\/www.emeraude-vacances.com\/wp-content\/uploads\/Capture-decran_2026-04-14_14-33-48.jpg-1.webp\" class=\"attachment-large size-large wp-image-2250\" alt=\"Strandnahes Mobilheim auf Ol\u00e9ron\" srcset=\"https:\/\/www.emeraude-vacances.com\/wp-content\/uploads\/Capture-decran_2026-04-14_14-33-48.jpg-1.webp 978w, https:\/\/www.emeraude-vacances.com\/wp-content\/uploads\/Capture-decran_2026-04-14_14-33-48.jpg-1-300x225.webp 300w, https:\/\/www.emeraude-vacances.com\/wp-content\/uploads\/Capture-decran_2026-04-14_14-33-48.jpg-1-768x576.webp 768w, https:\/\/www.emeraude-vacances.com\/wp-content\/uploads\/Capture-decran_2026-04-14_14-33-48.jpg-1-16x12.webp 16w\" sizes=\"(max-width: 800px) 100vw, 800px\" \/>\t\t\t\t\t\t\t\t\t\t\t\t\t\t\t<\/div>\n\t\t\t\t<\/div>\n\t\t<div class=\"elementor-element elementor-element-8aa1bbd e-con-full e-flex e-con e-child\" data-id=\"8aa1bbd\" data-element_type=\"container\" data-settings=\"{&quot;background_background&quot;:&quot;classic&quot;}\">\n\t\t\t\t<div class=\"elementor-element elementor-element-1e6b329 elementor-widget elementor-widget-theme-post-excerpt\" data-id=\"1e6b329\" data-element_type=\"widget\" data-widget_type=\"theme-post-excerpt.default\">\n\t\t\t\t<div class=\"elementor-widget-container\">\n\t\t\t\t\tFunktionales 30-m\u00b2-Mobilheim f\u00fcr 2 bis 4 Personen mit 2 Schlafzimmern, \u00fcberdachter Holzterrasse, ausgestatteter K\u00fcche und Gartenm\u00f6beln.\t\t\t\t<\/div>\n\t\t\t\t<\/div>\n\t\t\t\t<div class=\"elementor-element elementor-element-00993c1 elementor-align-center elementor-widget elementor-widget-button\" data-id=\"00993c1\" data-element_type=\"widget\" data-widget_type=\"button.default\">\n\t\t\t\t<div class=\"elementor-widget-container\">\n\t\t\t\t\t\t\t\t\t<div class=\"elementor-button-wrapper\">\n\t\t\t\t\t<a class=\"elementor-button elementor-button-link elementor-size-sm elementor-animation-grow\" href=\"https:\/\/www.emeraude-vacances.com\/de\/campingplatz-phare-ouest\/ophea-mobilheim\/\">\n\t\t\t\t\t\t<span class=\"elementor-button-content-wrapper\">\n\t\t\t\t\t\t\t\t\t<span class=\"elementor-button-text\">Entdecken<\/span>\n\t\t\t\t\t<\/span>\n\t\t\t\t\t<\/a>\n\t\t\t\t<\/div>\n\t\t\t\t\t\t\t\t<\/div>\n\t\t\t\t<\/div>\n\t\t\t\t<\/div>\n\t\t\t\t\t<\/div>\n\t\t\t\t<\/div>\n\t\t\t\t<\/div>\n\t\t\t\t<div data-elementor-type=\"loop-item\" data-elementor-id=\"2142\" class=\"elementor elementor-2142 swiper-slide e-loop-item e-loop-item-2181 post-2181 page type-page status-publish has-post-thumbnail hentry\" data-elementor-post-type=\"elementor_library\" role=\"group\" aria-roledescription=\"slide\" data-custom-edit-handle=\"1\">\n\t\t\t<div class=\"elementor-element elementor-element-70b52b5 e-flex e-con-boxed e-con e-parent\" data-id=\"70b52b5\" data-element_type=\"container\" data-settings=\"{&quot;background_background&quot;:&quot;classic&quot;}\">\n\t\t\t\t\t<div class=\"e-con-inner\">\n\t\t\t\t<div class=\"elementor-element elementor-element-67e98b6 elementor-widget elementor-widget-theme-post-featured-image elementor-widget-image\" data-id=\"67e98b6\" data-element_type=\"widget\" data-widget_type=\"theme-post-featured-image.default\">\n\t\t\t\t<div class=\"elementor-widget-container\">\n\t\t\t\t\t\t\t\t\t\t\t\t\t\t\t<img loading=\"lazy\" decoding=\"async\" width=\"800\" height=\"598\" src=\"https:\/\/www.emeraude-vacances.com\/wp-content\/uploads\/Capture-decran_2026-04-14_15-02-06.jpg.webp\" class=\"attachment-large size-large wp-image-2262\" alt=\"location de chalet \u00e0 Saint-Denis-d\u2019Ol\u00e9ron\" srcset=\"https:\/\/www.emeraude-vacances.com\/wp-content\/uploads\/Capture-decran_2026-04-14_15-02-06.jpg.webp 983w, https:\/\/www.emeraude-vacances.com\/wp-content\/uploads\/Capture-decran_2026-04-14_15-02-06.jpg-300x224.webp 300w, https:\/\/www.emeraude-vacances.com\/wp-content\/uploads\/Capture-decran_2026-04-14_15-02-06.jpg-768x574.webp 768w, https:\/\/www.emeraude-vacances.com\/wp-content\/uploads\/Capture-decran_2026-04-14_15-02-06.jpg-16x12.webp 16w\" sizes=\"(max-width: 800px) 100vw, 800px\" \/>\t\t\t\t\t\t\t\t\t\t\t\t\t\t\t<\/div>\n\t\t\t\t<\/div>\n\t\t<div class=\"elementor-element elementor-element-8aa1bbd e-con-full e-flex e-con e-child\" data-id=\"8aa1bbd\" data-element_type=\"container\" data-settings=\"{&quot;background_background&quot;:&quot;classic&quot;}\">\n\t\t\t\t<div class=\"elementor-element elementor-element-1e6b329 elementor-widget elementor-widget-theme-post-excerpt\" data-id=\"1e6b329\" data-element_type=\"widget\" data-widget_type=\"theme-post-excerpt.default\">\n\t\t\t\t<div class=\"elementor-widget-container\">\n\t\t\t\t\t37 m\u00b2 gro\u00dfes Mobilheim im Chaletstil f\u00fcr 4 Personen mit 2 Schlafzimmern, \u00fcberdachter Holzterrasse, ausgestatteter K\u00fcche und Gartenm\u00f6beln.\t\t\t\t<\/div>\n\t\t\t\t<\/div>\n\t\t\t\t<div class=\"elementor-element elementor-element-00993c1 elementor-align-center elementor-widget elementor-widget-button\" data-id=\"00993c1\" data-element_type=\"widget\" data-widget_type=\"button.default\">\n\t\t\t\t<div class=\"elementor-widget-container\">\n\t\t\t\t\t\t\t\t\t<div class=\"elementor-button-wrapper\">\n\t\t\t\t\t<a class=\"elementor-button elementor-button-link elementor-size-sm elementor-animation-grow\" href=\"https:\/\/www.emeraude-vacances.com\/de\/campingplatz-phare-ouest\/mobilheim-soleo\/\">\n\t\t\t\t\t\t<span class=\"elementor-button-content-wrapper\">\n\t\t\t\t\t\t\t\t\t<span class=\"elementor-button-text\">Entdecken<\/span>\n\t\t\t\t\t<\/span>\n\t\t\t\t\t<\/a>\n\t\t\t\t<\/div>\n\t\t\t\t\t\t\t\t<\/div>\n\t\t\t\t<\/div>\n\t\t\t\t<\/div>\n\t\t\t\t\t<\/div>\n\t\t\t\t<\/div>\n\t\t\t\t<\/div>\n\t\t\t\t<div data-elementor-type=\"loop-item\" data-elementor-id=\"2142\" class=\"elementor elementor-2142 swiper-slide e-loop-item e-loop-item-2189 post-2189 page type-page status-publish has-post-thumbnail hentry\" data-elementor-post-type=\"elementor_library\" role=\"group\" aria-roledescription=\"slide\" data-custom-edit-handle=\"1\">\n\t\t\t<div class=\"elementor-element elementor-element-70b52b5 e-flex e-con-boxed e-con e-parent\" data-id=\"70b52b5\" data-element_type=\"container\" data-settings=\"{&quot;background_background&quot;:&quot;classic&quot;}\">\n\t\t\t\t\t<div class=\"e-con-inner\">\n\t\t\t\t<div class=\"elementor-element elementor-element-67e98b6 elementor-widget elementor-widget-theme-post-featured-image elementor-widget-image\" data-id=\"67e98b6\" data-element_type=\"widget\" data-widget_type=\"theme-post-featured-image.default\">\n\t\t\t\t<div class=\"elementor-widget-container\">\n\t\t\t\t\t\t\t\t\t\t\t\t\t\t\t<img loading=\"lazy\" decoding=\"async\" width=\"800\" height=\"370\" src=\"https:\/\/www.emeraude-vacances.com\/wp-content\/uploads\/modele-5-chalet-terrasse-en-bois-couverte-4-5-oleron-phare-ouest.jpg.webp\" class=\"attachment-large size-large wp-image-2195\" alt=\"chalet 2 chambres Saint-Denis d\u2019Ol\u00e9ron\" srcset=\"https:\/\/www.emeraude-vacances.com\/wp-content\/uploads\/modele-5-chalet-terrasse-en-bois-couverte-4-5-oleron-phare-ouest.jpg.webp 930w, https:\/\/www.emeraude-vacances.com\/wp-content\/uploads\/modele-5-chalet-terrasse-en-bois-couverte-4-5-oleron-phare-ouest.jpg-300x139.webp 300w, https:\/\/www.emeraude-vacances.com\/wp-content\/uploads\/modele-5-chalet-terrasse-en-bois-couverte-4-5-oleron-phare-ouest.jpg-768x355.webp 768w, https:\/\/www.emeraude-vacances.com\/wp-content\/uploads\/modele-5-chalet-terrasse-en-bois-couverte-4-5-oleron-phare-ouest.jpg-18x8.webp 18w\" sizes=\"(max-width: 800px) 100vw, 800px\" \/>\t\t\t\t\t\t\t\t\t\t\t\t\t\t\t<\/div>\n\t\t\t\t<\/div>\n\t\t<div class=\"elementor-element elementor-element-8aa1bbd e-con-full e-flex e-con e-child\" data-id=\"8aa1bbd\" data-element_type=\"container\" data-settings=\"{&quot;background_background&quot;:&quot;classic&quot;}\">\n\t\t\t\t<div class=\"elementor-element elementor-element-1e6b329 elementor-widget elementor-widget-theme-post-excerpt\" data-id=\"1e6b329\" data-element_type=\"widget\" data-widget_type=\"theme-post-excerpt.default\">\n\t\t\t\t<div class=\"elementor-widget-container\">\n\t\t\t\t\tKomfortables 24-m\u00b2-Chalet f\u00fcr 4 bis 5 Personen mit 2 Schlafzimmern, \u00fcberdachter Holzterrasse, ausgestatteter K\u00fcche und Parkplatz direkt an der Unterkunft.\t\t\t\t<\/div>\n\t\t\t\t<\/div>\n\t\t\t\t<div class=\"elementor-element elementor-element-00993c1 elementor-align-center elementor-widget elementor-widget-button\" data-id=\"00993c1\" data-element_type=\"widget\" data-widget_type=\"button.default\">\n\t\t\t\t<div class=\"elementor-widget-container\">\n\t\t\t\t\t\t\t\t\t<div class=\"elementor-button-wrapper\">\n\t\t\t\t\t<a class=\"elementor-button elementor-button-link elementor-size-sm elementor-animation-grow\" href=\"https:\/\/www.emeraude-vacances.com\/de\/campingplatz-phare-ouest\/gitotel-hutte\/\">\n\t\t\t\t\t\t<span class=\"elementor-button-content-wrapper\">\n\t\t\t\t\t\t\t\t\t<span class=\"elementor-button-text\">Entdecken<\/span>\n\t\t\t\t\t<\/span>\n\t\t\t\t\t<\/a>\n\t\t\t\t<\/div>\n\t\t\t\t\t\t\t\t<\/div>\n\t\t\t\t<\/div>\n\t\t\t\t<\/div>\n\t\t\t\t\t<\/div>\n\t\t\t\t<\/div>\n\t\t\t\t<\/div>\n\t\t\t\t<div data-elementor-type=\"loop-item\" data-elementor-id=\"2142\" class=\"elementor elementor-2142 swiper-slide e-loop-item e-loop-item-2286 post-2286 page type-page status-publish has-post-thumbnail hentry\" data-elementor-post-type=\"elementor_library\" role=\"group\" aria-roledescription=\"slide\" data-custom-edit-handle=\"1\">\n\t\t\t<div class=\"elementor-element elementor-element-70b52b5 e-flex e-con-boxed e-con e-parent\" data-id=\"70b52b5\" data-element_type=\"container\" data-settings=\"{&quot;background_background&quot;:&quot;classic&quot;}\">\n\t\t\t\t\t<div class=\"e-con-inner\">\n\t\t\t\t<div class=\"elementor-element elementor-element-67e98b6 elementor-widget elementor-widget-theme-post-featured-image elementor-widget-image\" data-id=\"67e98b6\" data-element_type=\"widget\" data-widget_type=\"theme-post-featured-image.default\">\n\t\t\t\t<div class=\"elementor-widget-container\">\n\t\t\t\t\t\t\t\t\t\t\t\t\t\t\t<img loading=\"lazy\" decoding=\"async\" width=\"800\" height=\"599\" src=\"https:\/\/www.emeraude-vacances.com\/wp-content\/uploads\/Capture-decran_2026-04-14_16-42-36.jpg.webp\" class=\"attachment-large size-large wp-image-2290\" alt=\"Mobilheim f\u00fcr 4 Personen auf Ol\u00e9ron mieten\" srcset=\"https:\/\/www.emeraude-vacances.com\/wp-content\/uploads\/Capture-decran_2026-04-14_16-42-36.jpg.webp 977w, https:\/\/www.emeraude-vacances.com\/wp-content\/uploads\/Capture-decran_2026-04-14_16-42-36.jpg-300x224.webp 300w, https:\/\/www.emeraude-vacances.com\/wp-content\/uploads\/Capture-decran_2026-04-14_16-42-36.jpg-768x575.webp 768w, https:\/\/www.emeraude-vacances.com\/wp-content\/uploads\/Capture-decran_2026-04-14_16-42-36.jpg-16x12.webp 16w\" sizes=\"(max-width: 800px) 100vw, 800px\" \/>\t\t\t\t\t\t\t\t\t\t\t\t\t\t\t<\/div>\n\t\t\t\t<\/div>\n\t\t<div class=\"elementor-element elementor-element-8aa1bbd e-con-full e-flex e-con e-child\" data-id=\"8aa1bbd\" data-element_type=\"container\" data-settings=\"{&quot;background_background&quot;:&quot;classic&quot;}\">\n\t\t\t\t<div class=\"elementor-element elementor-element-1e6b329 elementor-widget elementor-widget-theme-post-excerpt\" data-id=\"1e6b329\" data-element_type=\"widget\" data-widget_type=\"theme-post-excerpt.default\">\n\t\t\t\t<div class=\"elementor-widget-container\">\n\t\t\t\t\tHelles 30-m\u00b2-Mobilheim f\u00fcr 4 Personen mit 2 separaten Schlafzimmern, gem\u00fctlichem Wohnbereich, ausgestatteter K\u00fcche und Terrasse mit Gartenm\u00f6beln.\t\t\t\t<\/div>\n\t\t\t\t<\/div>\n\t\t\t\t<div class=\"elementor-element elementor-element-00993c1 elementor-align-center elementor-widget elementor-widget-button\" data-id=\"00993c1\" data-element_type=\"widget\" data-widget_type=\"button.default\">\n\t\t\t\t<div class=\"elementor-widget-container\">\n\t\t\t\t\t\t\t\t\t<div class=\"elementor-button-wrapper\">\n\t\t\t\t\t<a class=\"elementor-button elementor-button-link elementor-size-sm elementor-animation-grow\" href=\"https:\/\/www.emeraude-vacances.com\/de\/campingplatz-phare-ouest\/loggia-bay-mobilheim\/\">\n\t\t\t\t\t\t<span class=\"elementor-button-content-wrapper\">\n\t\t\t\t\t\t\t\t\t<span class=\"elementor-button-text\">Entdecken<\/span>\n\t\t\t\t\t<\/span>\n\t\t\t\t\t<\/a>\n\t\t\t\t<\/div>\n\t\t\t\t\t\t\t\t<\/div>\n\t\t\t\t<\/div>\n\t\t\t\t<\/div>\n\t\t\t\t\t<\/div>\n\t\t\t\t<\/div>\n\t\t\t\t<\/div>\n\t\t\t\t<\/div>\n\t\t<\/div>\n\t\t\t\t\t<div class=\"elementor-swiper-button elementor-swiper-button-prev\" role=\"button\" tabindex=\"0\" aria-label=\"Previous\">\n\t\t\t\t<i aria-hidden=\"true\" class=\"eicon-chevron-left\"><\/i>\t\t\t<\/div>\n\t\t\t<div class=\"elementor-swiper-button elementor-swiper-button-next\" role=\"button\" tabindex=\"0\" aria-label=\"Next\">\n\t\t\t\t<i aria-hidden=\"true\" class=\"eicon-chevron-right\"><\/i>\t\t\t<\/div>\n\t\t\t\t\t<div class=\"swiper-pagination\"><\/div>\n\t\t\t\t\t\t<\/div>\n\t\t\t\t<\/div>\n\t\t\t\t<div class=\"elementor-element elementor-element-fff9980 elementor-widget elementor-widget-spacer\" data-id=\"fff9980\" data-element_type=\"widget\" data-widget_type=\"spacer.default\">\n\t\t\t\t<div class=\"elementor-widget-container\">\n\t\t\t\t\t\t\t<div class=\"elementor-spacer\">\n\t\t\t<div class=\"elementor-spacer-inner\"><\/div>\n\t\t<\/div>\n\t\t\t\t\t\t<\/div>\n\t\t\t\t<\/div>\n\t\t\t\t\t<\/div>\n\t\t\t\t<\/div>\n\t\t\t\t<\/div>","protected":false},"excerpt":{"rendered":"<p>Komfortables 35-m\u00b2-Mobilheim f\u00fcr 2 bis 4 Personen mit 2 Schlafzimmern, eigener \u00fcberdachter Holzterrasse, ausgestatteter K\u00fcche und Gartenm\u00f6beln.<\/p>","protected":false},"author":12,"featured_media":2176,"parent":300,"menu_order":0,"comment_status":"closed","ping_status":"closed","template":"","meta":{"footnotes":""},"class_list":["post-2173","page","type-page","status-publish","has-post-thumbnail","hentry"],"yoast_head":"<!-- This site is optimized with the Yoast SEO plugin v27.4 - https:\/\/yoast.com\/product\/yoast-seo-wordpress\/ -->\n<title>Mobil-home spacieux \u00e0 Saint-Denis d\u2019Ol\u00e9ron - Camping Phare Ouest<\/title>\n<meta name=\"description\" content=\"Mobil-home pour 4 personnes \u00e0 Saint-Denis d\u2019Ol\u00e9ron : choisissez l\u2019Ophea Grande, 2 chambres et terrasse couverte. R\u00e9servez d\u00e8s maintenant.\" \/>\n<meta name=\"robots\" content=\"index, follow, max-snippet:-1, max-image-preview:large, max-video-preview:-1\" \/>\n<link rel=\"canonical\" href=\"https:\/\/www.emeraude-vacances.com\/de\/campingplatz-phare-ouest\/mobilheim-ophea-grande\/\" \/>\n<meta property=\"og:locale\" content=\"de_DE\" \/>\n<meta property=\"og:type\" content=\"article\" \/>\n<meta property=\"og:title\" content=\"Mobil-home spacieux \u00e0 Saint-Denis d\u2019Ol\u00e9ron - Camping Phare Ouest\" \/>\n<meta property=\"og:description\" content=\"Mobil-home pour 4 personnes \u00e0 Saint-Denis d\u2019Ol\u00e9ron : choisissez l\u2019Ophea Grande, 2 chambres et terrasse couverte. R\u00e9servez d\u00e8s maintenant.\" \/>\n<meta property=\"og:url\" content=\"https:\/\/www.emeraude-vacances.com\/de\/campingplatz-phare-ouest\/mobilheim-ophea-grande\/\" \/>\n<meta property=\"og:site_name\" content=\"\u00c9meraude Vacances\" \/>\n<meta property=\"article:modified_time\" content=\"2026-04-16T07:23:09+00:00\" \/>\n<meta property=\"og:image\" content=\"https:\/\/s084.sowebio.net\/wp-content\/uploads\/modele-8-mobil-home-4p-terrasse-couverte-834T-2ch-camping-oleron.jpg.webp\" \/>\n\t<meta property=\"og:image:width\" content=\"930\" \/>\n\t<meta property=\"og:image:height\" content=\"430\" \/>\n\t<meta property=\"og:image:type\" content=\"image\/webp\" \/>\n<meta name=\"twitter:card\" content=\"summary_large_image\" \/>\n<meta name=\"twitter:label1\" content=\"Gesch\u00e4tzte Lesezeit\" \/>\n\t<meta name=\"twitter:data1\" content=\"4\u00a0Minuten\" \/>\n<script type=\"application\/ld+json\" class=\"yoast-schema-graph\">{\"@context\":\"https:\\\/\\\/schema.org\",\"@graph\":[{\"@type\":\"WebPage\",\"@id\":\"https:\\\/\\\/www.emeraude-vacances.com\\\/camping-phare-ouest\\\/mobil-home-ophea-grande\\\/\",\"url\":\"https:\\\/\\\/www.emeraude-vacances.com\\\/camping-phare-ouest\\\/mobil-home-ophea-grande\\\/\",\"name\":\"Mobil-home spacieux \u00e0 Saint-Denis d\u2019Ol\u00e9ron - Camping Phare Ouest\",\"isPartOf\":{\"@id\":\"https:\\\/\\\/www.emeraude-vacances.com\\\/#website\"},\"primaryImageOfPage\":{\"@id\":\"https:\\\/\\\/www.emeraude-vacances.com\\\/camping-phare-ouest\\\/mobil-home-ophea-grande\\\/#primaryimage\"},\"image\":{\"@id\":\"https:\\\/\\\/www.emeraude-vacances.com\\\/camping-phare-ouest\\\/mobil-home-ophea-grande\\\/#primaryimage\"},\"thumbnailUrl\":\"https:\\\/\\\/www.emeraude-vacances.com\\\/wp-content\\\/uploads\\\/modele-8-mobil-home-4p-terrasse-couverte-834T-2ch-camping-oleron.jpg.webp\",\"datePublished\":\"2026-04-13T09:35:06+00:00\",\"dateModified\":\"2026-04-16T07:23:09+00:00\",\"description\":\"Mobil-home pour 4 personnes \u00e0 Saint-Denis d\u2019Ol\u00e9ron : choisissez l\u2019Ophea Grande, 2 chambres et terrasse couverte. R\u00e9servez d\u00e8s maintenant.\",\"breadcrumb\":{\"@id\":\"https:\\\/\\\/www.emeraude-vacances.com\\\/camping-phare-ouest\\\/mobil-home-ophea-grande\\\/#breadcrumb\"},\"inLanguage\":\"de\",\"potentialAction\":[{\"@type\":\"ReadAction\",\"target\":[\"https:\\\/\\\/www.emeraude-vacances.com\\\/camping-phare-ouest\\\/mobil-home-ophea-grande\\\/\"]}]},{\"@type\":\"ImageObject\",\"inLanguage\":\"de\",\"@id\":\"https:\\\/\\\/www.emeraude-vacances.com\\\/camping-phare-ouest\\\/mobil-home-ophea-grande\\\/#primaryimage\",\"url\":\"https:\\\/\\\/www.emeraude-vacances.com\\\/wp-content\\\/uploads\\\/modele-8-mobil-home-4p-terrasse-couverte-834T-2ch-camping-oleron.jpg.webp\",\"contentUrl\":\"https:\\\/\\\/www.emeraude-vacances.com\\\/wp-content\\\/uploads\\\/modele-8-mobil-home-4p-terrasse-couverte-834T-2ch-camping-oleron.jpg.webp\",\"width\":930,\"height\":430,\"caption\":\"mobil-home 2 chambres sur l\u2019\u00eele d\u2019Ol\u00e9ron\"},{\"@type\":\"BreadcrumbList\",\"@id\":\"https:\\\/\\\/www.emeraude-vacances.com\\\/camping-phare-ouest\\\/mobil-home-ophea-grande\\\/#breadcrumb\",\"itemListElement\":[{\"@type\":\"ListItem\",\"position\":1,\"name\":\"Home\",\"item\":\"https:\\\/\\\/www.emeraude-vacances.com\\\/\"},{\"@type\":\"ListItem\",\"position\":2,\"name\":\"Camping Phare Ouest\",\"item\":\"https:\\\/\\\/www.emeraude-vacances.com\\\/camping-phare-ouest\\\/\"},{\"@type\":\"ListItem\",\"position\":3,\"name\":\"Ophea Grande Mobil-home\"}]},{\"@type\":\"WebSite\",\"@id\":\"https:\\\/\\\/www.emeraude-vacances.com\\\/#website\",\"url\":\"https:\\\/\\\/www.emeraude-vacances.com\\\/\",\"name\":\"\u00c9meraude Vacances\",\"description\":\"Just another WordPress site\",\"publisher\":{\"@id\":\"https:\\\/\\\/www.emeraude-vacances.com\\\/#organization\"},\"potentialAction\":[{\"@type\":\"SearchAction\",\"target\":{\"@type\":\"EntryPoint\",\"urlTemplate\":\"https:\\\/\\\/www.emeraude-vacances.com\\\/?s={search_term_string}\"},\"query-input\":{\"@type\":\"PropertyValueSpecification\",\"valueRequired\":true,\"valueName\":\"search_term_string\"}}],\"inLanguage\":\"de\"},{\"@type\":\"Organization\",\"@id\":\"https:\\\/\\\/www.emeraude-vacances.com\\\/#organization\",\"name\":\"\u00c9meraude Vacances\",\"url\":\"https:\\\/\\\/www.emeraude-vacances.com\\\/\",\"logo\":{\"@type\":\"ImageObject\",\"inLanguage\":\"de\",\"@id\":\"https:\\\/\\\/www.emeraude-vacances.com\\\/#\\\/schema\\\/logo\\\/image\\\/\",\"url\":\"https:\\\/\\\/www.emeraude-vacances.com\\\/wp-content\\\/uploads\\\/cote-d-emeraude.png\",\"contentUrl\":\"https:\\\/\\\/www.emeraude-vacances.com\\\/wp-content\\\/uploads\\\/cote-d-emeraude.png\",\"width\":756,\"height\":378,\"caption\":\"\u00c9meraude Vacances\"},\"image\":{\"@id\":\"https:\\\/\\\/www.emeraude-vacances.com\\\/#\\\/schema\\\/logo\\\/image\\\/\"}}]}<\/script>\n<!-- \/ Yoast SEO plugin. -->","yoast_head_json":{"title":"Ger\u00e4umiges Mobilheim in Saint-Denis-d\u2019Ol\u00e9ron \u2013 Camping Phare Ouest","description":"Mobilheim f\u00fcr 4 Personen in Saint-Denis-d\u2019Ol\u00e9ron: Entscheiden Sie sich f\u00fcr das Ophea Grande mit 2 Schlafzimmern und \u00fcberdachter Terrasse. Buchen Sie jetzt.","robots":{"index":"index","follow":"follow","max-snippet":"max-snippet:-1","max-image-preview":"max-image-preview:large","max-video-preview":"max-video-preview:-1"},"canonical":"https:\/\/www.emeraude-vacances.com\/de\/campingplatz-phare-ouest\/mobilheim-ophea-grande\/","og_locale":"de_DE","og_type":"article","og_title":"Mobil-home spacieux \u00e0 Saint-Denis d\u2019Ol\u00e9ron - Camping Phare Ouest","og_description":"Mobil-home pour 4 personnes \u00e0 Saint-Denis d\u2019Ol\u00e9ron : choisissez l\u2019Ophea Grande, 2 chambres et terrasse couverte. R\u00e9servez d\u00e8s maintenant.","og_url":"https:\/\/www.emeraude-vacances.com\/de\/campingplatz-phare-ouest\/mobilheim-ophea-grande\/","og_site_name":"\u00c9meraude Vacances","article_modified_time":"2026-04-16T07:23:09+00:00","og_image":[{"width":930,"height":430,"url":"https:\/\/s084.sowebio.net\/wp-content\/uploads\/modele-8-mobil-home-4p-terrasse-couverte-834T-2ch-camping-oleron.jpg.webp","type":"image\/webp"}],"twitter_card":"summary_large_image","twitter_misc":{"Gesch\u00e4tzte Lesezeit":"4\u00a0Minuten"},"schema":{"@context":"https:\/\/schema.org","@graph":[{"@type":"WebPage","@id":"https:\/\/www.emeraude-vacances.com\/camping-phare-ouest\/mobil-home-ophea-grande\/","url":"https:\/\/www.emeraude-vacances.com\/camping-phare-ouest\/mobil-home-ophea-grande\/","name":"Ger\u00e4umiges Mobilheim in Saint-Denis-d\u2019Ol\u00e9ron \u2013 Camping Phare Ouest","isPartOf":{"@id":"https:\/\/www.emeraude-vacances.com\/#website"},"primaryImageOfPage":{"@id":"https:\/\/www.emeraude-vacances.com\/camping-phare-ouest\/mobil-home-ophea-grande\/#primaryimage"},"image":{"@id":"https:\/\/www.emeraude-vacances.com\/camping-phare-ouest\/mobil-home-ophea-grande\/#primaryimage"},"thumbnailUrl":"https:\/\/www.emeraude-vacances.com\/wp-content\/uploads\/modele-8-mobil-home-4p-terrasse-couverte-834T-2ch-camping-oleron.jpg.webp","datePublished":"2026-04-13T09:35:06+00:00","dateModified":"2026-04-16T07:23:09+00:00","description":"Mobilheim f\u00fcr 4 Personen in Saint-Denis-d\u2019Ol\u00e9ron: Entscheiden Sie sich f\u00fcr das Ophea Grande mit 2 Schlafzimmern und \u00fcberdachter Terrasse. Buchen Sie jetzt.","breadcrumb":{"@id":"https:\/\/www.emeraude-vacances.com\/camping-phare-ouest\/mobil-home-ophea-grande\/#breadcrumb"},"inLanguage":"de","potentialAction":[{"@type":"ReadAction","target":["https:\/\/www.emeraude-vacances.com\/camping-phare-ouest\/mobil-home-ophea-grande\/"]}]},{"@type":"ImageObject","inLanguage":"de","@id":"https:\/\/www.emeraude-vacances.com\/camping-phare-ouest\/mobil-home-ophea-grande\/#primaryimage","url":"https:\/\/www.emeraude-vacances.com\/wp-content\/uploads\/modele-8-mobil-home-4p-terrasse-couverte-834T-2ch-camping-oleron.jpg.webp","contentUrl":"https:\/\/www.emeraude-vacances.com\/wp-content\/uploads\/modele-8-mobil-home-4p-terrasse-couverte-834T-2ch-camping-oleron.jpg.webp","width":930,"height":430,"caption":"mobil-home 2 chambres sur l\u2019\u00eele d\u2019Ol\u00e9ron"},{"@type":"BreadcrumbList","@id":"https:\/\/www.emeraude-vacances.com\/camping-phare-ouest\/mobil-home-ophea-grande\/#breadcrumb","itemListElement":[{"@type":"ListItem","position":1,"name":"Home","item":"https:\/\/www.emeraude-vacances.com\/"},{"@type":"ListItem","position":2,"name":"Camping Phare Ouest","item":"https:\/\/www.emeraude-vacances.com\/camping-phare-ouest\/"},{"@type":"ListItem","position":3,"name":"Ophea Grande Mobil-home"}]},{"@type":"WebSite","@id":"https:\/\/www.emeraude-vacances.com\/#website","url":"https:\/\/www.emeraude-vacances.com\/","name":"\u00c9meraudes Vacances","description":"Just another WordPress site","publisher":{"@id":"https:\/\/www.emeraude-vacances.com\/#organization"},"potentialAction":[{"@type":"SearchAction","target":{"@type":"EntryPoint","urlTemplate":"https:\/\/www.emeraude-vacances.com\/?s={search_term_string}"},"query-input":{"@type":"PropertyValueSpecification","valueRequired":true,"valueName":"search_term_string"}}],"inLanguage":"de"},{"@type":"Organization","@id":"https:\/\/www.emeraude-vacances.com\/#organization","name":"\u00c9meraudes Vacances","url":"https:\/\/www.emeraude-vacances.com\/","logo":{"@type":"ImageObject","inLanguage":"de","@id":"https:\/\/www.emeraude-vacances.com\/#\/schema\/logo\/image\/","url":"https:\/\/www.emeraude-vacances.com\/wp-content\/uploads\/cote-d-emeraude.png","contentUrl":"https:\/\/www.emeraude-vacances.com\/wp-content\/uploads\/cote-d-emeraude.png","width":756,"height":378,"caption":"\u00c9meraude Vacances"},"image":{"@id":"https:\/\/www.emeraude-vacances.com\/#\/schema\/logo\/image\/"}}]}},"_links":{"self":[{"href":"https:\/\/www.emeraude-vacances.com\/de\/wp-json\/wp\/v2\/pages\/2173","targetHints":{"allow":["GET"]}}],"collection":[{"href":"https:\/\/www.emeraude-vacances.com\/de\/wp-json\/wp\/v2\/pages"}],"about":[{"href":"https:\/\/www.emeraude-vacances.com\/de\/wp-json\/wp\/v2\/types\/page"}],"author":[{"embeddable":true,"href":"https:\/\/www.emeraude-vacances.com\/de\/wp-json\/wp\/v2\/users\/12"}],"replies":[{"embeddable":true,"href":"https:\/\/www.emeraude-vacances.com\/de\/wp-json\/wp\/v2\/comments?post=2173"}],"version-history":[{"count":5,"href":"https:\/\/www.emeraude-vacances.com\/de\/wp-json\/wp\/v2\/pages\/2173\/revisions"}],"predecessor-version":[{"id":2318,"href":"https:\/\/www.emeraude-vacances.com\/de\/wp-json\/wp\/v2\/pages\/2173\/revisions\/2318"}],"up":[{"embeddable":true,"href":"https:\/\/www.emeraude-vacances.com\/de\/wp-json\/wp\/v2\/pages\/300"}],"wp:featuredmedia":[{"embeddable":true,"href":"https:\/\/www.emeraude-vacances.com\/de\/wp-json\/wp\/v2\/media\/2176"}],"wp:attachment":[{"href":"https:\/\/www.emeraude-vacances.com\/de\/wp-json\/wp\/v2\/media?parent=2173"}],"curies":[{"name":"wp","href":"https:\/\/api.w.org\/{rel}","templated":true}]}}